{"id":1906,"date":"2024-09-17T09:24:39","date_gmt":"2024-09-17T07:24:39","guid":{"rendered":"https:\/\/www.solarta.com\/pagina-ejemplo\/"},"modified":"2025-06-24T12:03:53","modified_gmt":"2025-06-24T10:03:53","slug":"pagina-ejemplo","status":"publish","type":"page","link":"https:\/\/www.solarta.com\/de\/","title":{"rendered":"Inicio DE"},"content":{"rendered":"\n<div class=\"wp-block-group home-banner-ppal\"><div class=\"wp-block-group__inner-container is-layout-constrained wp-block-group-is-layout-constrained\">\n<div class=\"control-bg-banner-ppal\">\n    <div id=\"block-banner-full-screen-block_0c11bb27cf6c1913f2e73305498fa661\" class=\"block-banner-full-screen\">\n                    <div class=\"image-bg\" style=\"background-image:url(https:\/\/www.solarta.com\/wp-content\/uploads\/2024\/09\/Hero-image-scaled.jpg);\">\n                                <div class=\"left-control\">\n                <div class=\"left-content\">\n                    <h1>Fachbetrieb f\u00fcr Solarenergie auf Mallorca<\/h1>\n                    <div class=\"text\">\n                        <p>Planung, Installation und Wartung. An Ihrer Seite \u2013 heute, morgen und immer. Seit 1989 f\u00fcr Sie da<\/p>\n                    <\/div>\n                    <div class=\"button-container\">\n                                                        <a rel=\"nofollow\" class=\"button-yellow\" href=\"https:\/\/www.solarta.com\/de\/kontakt-fur-privatkunden\/\" target=\"_self\">Service f\u00fcr Privatkunden<\/a>\n                                                                                <a rel=\"nofollow\" class=\"button-black\" href=\"https:\/\/www.solarta.com\/de\/kontakt-fur-unternehmen\/\" target=\"_self\">Service f\u00fcr Unternehmen<\/a>\n                                            <\/div>\n                <\/div>\n            <\/div>\n\n                    <\/div>\n            <\/div>\n<\/div>\n<\/div><\/div>\n\n\n\n<div class=\"wp-block-group slogan-home\"><div class=\"wp-block-group__inner-container is-layout-constrained wp-block-group-is-layout-constrained\">\n<p class=\"has-text-align-center\">Erfahrung und Stabilit\u00e4t. Investieren Sie in Solarenergie mit SOLARTA BALEAR<\/p>\n<\/div><\/div>\n\n\n\n\n<div id=\"block-section-hitos-block_b9d642c8905e6dd766c81f4797823bc2\" class=\"block-section-hitos\">\n    <div class=\"wrap-small\">\n        <p class=\"title-sup\">Unsere Meilensteine<\/p>\n        <h2>Fachbetrieb f\u00fcr Solarenergie. Erfahrung und <span class=\"brown\">Zuverl\u00e4ssigkeit<\/span><\/h2>\n        <div class=\"texto-intro\">\n            <p>Nutzen Sie unserer Erfahrung von mehr als 35 Jahren in der Installation erneuerbarer Energien. Unser Firmensitz befindet sich in einem 100% autarken Geb\u00e4ude, ohne Anschluss an das \u00f6ffentliche Netz, gebaut nach Kriterien der Energieeffizienz und ausgestattet mit Systemen f\u00fcr erneuerbare Energien.<\/p>\n        <\/div>\n        <div class=\"list-hitos\">\n                            <div class=\"single-item\">\n                                            <p class=\"small\">Pioniere auf<\/p>\n                                                                <p class=\"central\">Mallorca<\/p>\n                                                        <\/div>\n                            <div class=\"single-item\">\n                                            <p class=\"small\">Seit<\/p>\n                                                                <p class=\"central\">1.989<\/p>\n                                                        <\/div>\n                            <div class=\"single-item\">\n                                            <p class=\"small\">Mehr als<\/p>\n                                                                <p class=\"central\">3.000<\/p>\n                                                                <p class=\"small\">Installationen<\/p>\n                                    <\/div>\n                            <div class=\"single-item\">\n                                            <p class=\"small\">Renommierte Marken<\/p>\n                                                                <p class=\"central\">Spitzentechnologie<\/p>\n                                                        <\/div>\n                    <\/div>\n\n        <div class=\"button-container\">\n            <p>\n                                        <a rel=\"nofollow\" class=\"button-yellow\" href=\"https:\/\/www.solarta.com\/de\/kontakt-fur-privatkunden\/\" target=\"_self\">Angebot anfordern<\/a>\n                            <\/p>\n        <\/div>\n    <\/div>\n<\/div>\n\n\n\n\n\n<div id=\"block-box-servicios-block_38e3169e895503ac86f2a0b673c12676\" class=\"block-box-servicios de-box-servicios\">\n    <div class=\"wrap\">\n        <div class=\"box-list\">\n                                        <div class=\"single-box\" style=\"background-image: url(https:\/\/www.solarta.com\/wp-content\/uploads\/2024\/09\/solarta-1.jpg);\">\n                                    \n                    <div class=\"content-box\">\n                                                                                    <h3>Fachbetrieb f\u00fcr Solarenergie auf Mallorca<\/h3>\n                                                                            \n                    <\/div>\n                    \n\n                <\/div>\n                                            <div class=\"single-box\" style=\"background-image: url(https:\/\/www.solarta.com\/wp-content\/uploads\/2024\/12\/autoconsumo-fotovoltaico-placas-solares-mallorca-panel.png);\">\n                                    <a rel=\"nofollow\" href=\"https:\/\/www.solarta.com\/de\/photovoltaischer-eigenverbrauch-solarmodule-mallorca\/\" target=\"_self\" aria-label=\"Photovoltaischer Eigenverbrauch. Solarmodule\"><\/a>\n                                        \n                    <div class=\"content-box\">\n                                                                                    <h4>Photovoltaischer Eigenverbrauch. Solarmodule<\/h4>\n                                                                            \n                    <\/div>\n                    \n\n                <\/div>\n                                            <div class=\"single-box\" style=\"background-image: url(https:\/\/www.solarta.com\/wp-content\/uploads\/2024\/12\/instalador-placas-solares-mallorca-solarta.png);\">\n                                    <a rel=\"nofollow\" href=\"https:\/\/www.solarta.com\/de\/solarenergie-inselanlagen-mallorca\/\" target=\"_self\" aria-label=\"Solarenergie. Inselanlagen\"><\/a>\n                                        \n                    <div class=\"content-box\">\n                                                                                    <h4>Solarenergie. Inselanlagen<\/h4>\n                                                                            \n                    <\/div>\n                    \n\n                <\/div>\n                                            <div class=\"single-box\" style=\"background-image: url(https:\/\/www.solarta.com\/wp-content\/uploads\/2024\/12\/instaladores-de-placas-solares-mallorca.png);\">\n                                    <a rel=\"nofollow\" href=\"https:\/\/www.solarta.com\/de\/installateur-aerothermie-mallorca\/\" target=\"_self\" aria-label=\"Aerothermie\"><\/a>\n                                        \n                    <div class=\"content-box\">\n                                                                                    <h4>Aerothermie<\/h4>\n                                                                            \n                    <\/div>\n                    \n\n                <\/div>\n                                            <div class=\"single-box\" style=\"background-image: url(https:\/\/www.solarta.com\/wp-content\/uploads\/2024\/12\/instaladores-placas-solares-mallorca.png);\">\n                                    <a rel=\"nofollow\" href=\"https:\/\/www.solarta.com\/de\/ladegerat-fur-elektroautos-mallorca\/\" target=\"_self\" aria-label=\"Ladestation f\u00fcr Elektroautos\"><\/a>\n                                        \n                    <div class=\"content-box\">\n                                                                                    <h4>Ladestation f\u00fcr Elektroautos<\/h4>\n                                                                            \n                    <\/div>\n                    \n\n                <\/div>\n                                            <div class=\"single-box\" style=\"background-image: url(https:\/\/www.solarta.com\/wp-content\/uploads\/2024\/12\/instalador-placas-solares-mallorca.png);\">\n                                    <a rel=\"nofollow\" href=\"https:\/\/www.solarta.com\/de\/gestion-energiemanagement-mallorca-intelligente-haeuser\/\" target=\"_self\" aria-label=\"Energiemanagement f\u00fcr intelligente H\u00e4user\"><\/a>\n                                        \n                    <div class=\"content-box\">\n                                                                                    <h4>Energiemanagement f\u00fcr intelligente H\u00e4user<\/h4>\n                                                                            \n                    <\/div>\n                    \n\n                <\/div>\n                                            <div class=\"single-box\" style=\"background-image: url(https:\/\/www.solarta.com\/wp-content\/uploads\/2024\/12\/empresa-de-placas-solares-mallorca.png);\">\n                                    <a rel=\"nofollow\" href=\"https:\/\/www.solarta.com\/de\/umfassende-unterstutzung-energielosungen-auf-mallorca\/\" target=\"_self\" aria-label=\"Umfassender Service\"><\/a>\n                                        \n                    <div class=\"content-box\">\n                                                                                    <h4>Umfassender Service<\/h4>\n                                                                            \n                    <\/div>\n                    \n\n                <\/div>\n                                            <div class=\"single-box\" style=\"background-image: url(https:\/\/www.solarta.com\/wp-content\/uploads\/2024\/12\/solarta-empresa-instaladores-placas-soalres.png);\">\n                                    <a rel=\"nofollow\" href=\"https:\/\/www.solarta.com\/de\/forderungen-und-zuschusse-fur-solarpanels-mallorca\/\" target=\"_self\" aria-label=\"F\u00f6rderungen und Zusch\u00fcsse f\u00fcr Solarmodule\"><\/a>\n                                        \n                    <div class=\"content-box\">\n                                                                                    <h4>F\u00f6rderungen und Zusch\u00fcsse f\u00fcr Solarmodule<\/h4>\n                                                                            \n                    <\/div>\n                    \n\n                <\/div>\n                                    <\/div>\n    <\/div>\n<\/div>\n\n\n\n\n\n<div id=\"block-valores-block_3d0263dcf88c61fac52a8e394837be3c\" class=\"block-valores\">\n    <div class=\"layer-top\">\n        <div class=\"wrap\">\n            <p class=\"title-sup\">Unsere Werte<\/p>\n            <div class=\"control-columns\">\n                <div class=\"column-left\">\n                    <h2>Fachbetrieb f\u00fcr Solarenergie, Pioniere auf <span class=\"brown\">Mallorca<\/span><\/h2>\n                                    <\/div>\n                <div class=\"column-right\">\n                    <div class=\"control-three\">\n                        <div class=\"column-general column-1\">\n                            <p class=\"valor\">Innovation<\/p>\n                            <p class=\"valor-inf\">Unsere Herausforderung<\/p>\n                        <\/div>\n                        <div class=\"column-general column-2\">\n                            <p class=\"valor\">N\u00e4he<\/p>\n                            <p class=\"valor-inf\">Unser Stil<\/p>\n                        <\/div>\n                        <div class=\"column-general column-3\">\n                            <p class=\"valor\">CSR<\/p>\n                            <p class=\"valor-inf\">Unser Engagement<\/p>\n                        <\/div>\n                    <\/div>\n                    <div class=\"texto\">\n                        <p class=\"PlaygroundEditorTheme__paragraph\" dir=\"ltr\">Unsere Herausforderung ist es, neue und bessere Wege zu finden, um die Dinge zu tun. Wir innovieren kontinuierlich und arbeiten mit einigen Anbietern in der Entwicklungsphase von Ger\u00e4ten zusammen, um <b><strong class=\"PlaygroundEditorTheme__textBold\">Ihnen die<\/strong><\/b> <b><strong class=\"PlaygroundEditorTheme__textBold\">fortschrittlichste Solartechnik <\/strong><\/b><b><strong class=\"PlaygroundEditorTheme__textBold\">auf Mallorca<\/strong><\/b> zu bieten..<\/p>\n<p class=\"PlaygroundEditorTheme__paragraph\" dir=\"ltr\">Wir kommunizieren nah und transparent.<\/p>\n<p class=\"PlaygroundEditorTheme__paragraph\" dir=\"ltr\">Wir <b><strong class=\"PlaygroundEditorTheme__textBold\">installieren Solarpanels<\/strong><\/b> zu Bildungszwecken in Schulen, \u00f6ffentlichen Geb\u00e4uden, in Naturparks\u2026<\/p>\n<p class=\"PlaygroundEditorTheme__paragraph\" dir=\"ltr\">Wir unterst\u00fctzen den Sport von jungen Jahren an, weil er hilft gesundheitsf\u00f6rdernde Gewohnheiten und soziale Werte zu entwickeln: Club V\u00f3lei Art\u00e1, Club Esportiu de Art\u00e1 und der Club Voleibol Manacor.<\/p>\n                    <\/div>\n                    <div class=\"button-container\">\n                                                <a rel=\"nofollow\" class=\"button-yellow\" href=\"https:\/\/www.solarta.com\/de\/kontakt-fur-privatkunden\/\" target=\"_self\">\n                            Angebot anfordern                        <\/a>\n                    <\/div>\n                <\/div>\n            <\/div>\n        <\/div>\n    <\/div>\n<\/div>\n\n\n\n\n\n<div id=\"block-timeline-horizontal-block_a1eb7cfd19258381c130fecdcc1669b2\" class=\"block-timeline-horizontal\">\n    <div class=\"wrap\">\n        <p class=\"title-sup\">Wie wir arbeiten<\/p>\n        <h3>Fachbetrieb f\u00fcr Solarenergie.<br>Globales All-in-One-Management, unsere Art, Sie zu betreuen <\/h3>\n        <div class=\"timeline-horizontal\">\n                            <div class=\"item\">\n                    <div class=\"icon\">\n                        <div class=\"circle\"><\/div>\n                                                <img decoding=\"async\" src=\"https:\/\/www.solarta.com\/wp-content\/uploads\/2024\/09\/asesoramiento.png\" alt=\"\" title=\"asesoramiento\">\n\n                    <\/div>\n                    <p>Beratung<\/p>\n                <\/div>\n                            <div class=\"item\">\n                    <div class=\"icon\">\n                        <div class=\"circle\"><\/div>\n                                                <img decoding=\"async\" src=\"https:\/\/www.solarta.com\/wp-content\/uploads\/2024\/09\/diseno.png\" alt=\"\" title=\"diseno\">\n\n                    <\/div>\n                    <p>Design<\/p>\n                <\/div>\n                            <div class=\"item\">\n                    <div class=\"icon\">\n                        <div class=\"circle\"><\/div>\n                                                <img decoding=\"async\" src=\"https:\/\/www.solarta.com\/wp-content\/uploads\/2024\/09\/instalacion.png\" alt=\"\" title=\"instalacion\">\n\n                    <\/div>\n                    <p>Installation <\/p>\n                <\/div>\n                            <div class=\"item\">\n                    <div class=\"icon\">\n                        <div class=\"circle\"><\/div>\n                                                <img decoding=\"async\" src=\"https:\/\/www.solarta.com\/wp-content\/uploads\/2024\/09\/gestion-energetica.png\" alt=\"\" title=\"gestion-energetica\">\n\n                    <\/div>\n                    <p>Intelligentes Energiemanagement<\/p>\n                <\/div>\n                            <div class=\"item\">\n                    <div class=\"icon\">\n                        <div class=\"circle\"><\/div>\n                                                <img decoding=\"async\" src=\"https:\/\/www.solarta.com\/wp-content\/uploads\/2024\/09\/legalizacion.png\" alt=\"\" title=\"legalizacion\">\n\n                    <\/div>\n                    <p>Legalisierung<\/p>\n                <\/div>\n                            <div class=\"item\">\n                    <div class=\"icon\">\n                        <div class=\"circle\"><\/div>\n                                                <img decoding=\"async\" src=\"https:\/\/www.solarta.com\/wp-content\/uploads\/2024\/09\/subvenciones.png\" alt=\"\" title=\"subvenciones\">\n\n                    <\/div>\n                    <p>F\u00f6rderungen<\/p>\n                <\/div>\n                            <div class=\"item\">\n                    <div class=\"icon\">\n                        <div class=\"circle\"><\/div>\n                                                <img decoding=\"async\" src=\"https:\/\/www.solarta.com\/wp-content\/uploads\/2024\/09\/mantenimiento.png\" alt=\"\" title=\"mantenimiento\">\n\n                    <\/div>\n                    <p>Wartung<\/p>\n                <\/div>\n                    <\/div>\n        <div class=\"button-container\">\n                            <p><a rel=\"nofollow\" class=\"button-yellow\" href=\"https:\/\/www.solarta.com\/de\/kontakt-fur-privatkunden\/\" target=\"_self\">Angebot anfordern<\/a><\/p>\n                        \n        <\/div> \n    <\/div>\n<\/div>  \n\n\n\n\n\n<div id=\"block-servicios-malla-block_94ed47b0443af1f9d3961e38c2381900\" class=\"block-servicios-malla\">\n    <div class=\"wrap\" style=\"background-image: url(https:\/\/www.solarta.com\/wp-content\/uploads\/2024\/09\/cuadricula.png);\">\n        <div class=\"control-texto\">\n            <p class=\"title-sup\">Unsere Dienstleistungen<\/p>\n            <h2>Unternehmen f\u00fcr Solarenergie auf <span class=\"brown\">Mallorca<\/span><\/h2>\n            <div class=\"texto\">\n                <p>Als Experten f\u00fcr <b><strong class=\"PlaygroundEditorTheme__textBold\">Solarenergie<\/strong><\/b><b><strong class=\"PlaygroundEditorTheme__textBold\"> auf Mallorca<\/strong><\/b> bieten wir Ihnen ma\u00dfgeschneiderte, effiziente und nachhaltige L\u00f6sungen f\u00fcr Ihr Zuhause, Ihre Eigent\u00fcmer-Gemeinschaft oder Ihr Unternehmen. Nehmen Sie Kurs auf Ihre energetische Unabh\u00e4ngigkeit!<\/p>\n            <\/div>\n        <\/div>\n    <\/div>\n<\/div>  \n\n\n\n\n<style type=\"text\/css\">\n                \/*#check-block_8ca4ef2abc25dc13a2ba01671cecc273-1:checked ~ .wrap label.check-block_8ca4ef2abc25dc13a2ba01671cecc273-1{\n\n            border-bottom: 1px solid var(--color-brown);\n        }*\/\n        #check-block_8ca4ef2abc25dc13a2ba01671cecc273-1:checked ~ .wrap label.check-block_8ca4ef2abc25dc13a2ba01671cecc273-1 .number span{\n            border-right: 1px solid var(--color-brown);\n        }\n        #check-block_8ca4ef2abc25dc13a2ba01671cecc273-1:checked ~ .wrap .right-column .texto-block_8ca4ef2abc25dc13a2ba01671cecc273-1{\n            display: block;\n            height: 100%;\n            display: flex;\n            align-items: center;\n        }\n\n        #check-block_8ca4ef2abc25dc13a2ba01671cecc273-1:checked ~ .wrap .texto-block_8ca4ef2abc25dc13a2ba01671cecc273-1{\n            max-height: 2000px;\n        }\n        #check-block_8ca4ef2abc25dc13a2ba01671cecc273-1:checked ~ .wrap .texto-block_8ca4ef2abc25dc13a2ba01671cecc273-1 p,\n        #check-block_8ca4ef2abc25dc13a2ba01671cecc273-1:checked ~ .wrap label.check-block_8ca4ef2abc25dc13a2ba01671cecc273-1 .number span{\n            color: #002b59;\n        }\n\n        @media only screen and (max-width:575px) {\n            #check-block_8ca4ef2abc25dc13a2ba01671cecc273-1:checked ~ .wrap label.check-block_8ca4ef2abc25dc13a2ba01671cecc273-1 .number span{\n                border-right: 0;\n                \/*border-bottom: 1px solid var(--color-brown);*\/\n            }\n        }\n\n                    \/*#check-block_8ca4ef2abc25dc13a2ba01671cecc273-2:checked ~ .wrap label.check-block_8ca4ef2abc25dc13a2ba01671cecc273-2{\n\n            border-bottom: 1px solid var(--color-brown);\n        }*\/\n        #check-block_8ca4ef2abc25dc13a2ba01671cecc273-2:checked ~ .wrap label.check-block_8ca4ef2abc25dc13a2ba01671cecc273-2 .number span{\n            border-right: 1px solid var(--color-brown);\n        }\n        #check-block_8ca4ef2abc25dc13a2ba01671cecc273-2:checked ~ .wrap .right-column .texto-block_8ca4ef2abc25dc13a2ba01671cecc273-2{\n            display: block;\n            height: 100%;\n            display: flex;\n            align-items: center;\n        }\n\n        #check-block_8ca4ef2abc25dc13a2ba01671cecc273-2:checked ~ .wrap .texto-block_8ca4ef2abc25dc13a2ba01671cecc273-2{\n            max-height: 2000px;\n        }\n        #check-block_8ca4ef2abc25dc13a2ba01671cecc273-2:checked ~ .wrap .texto-block_8ca4ef2abc25dc13a2ba01671cecc273-2 p,\n        #check-block_8ca4ef2abc25dc13a2ba01671cecc273-2:checked ~ .wrap label.check-block_8ca4ef2abc25dc13a2ba01671cecc273-2 .number span{\n            color: #002b59;\n        }\n\n        @media only screen and (max-width:575px) {\n            #check-block_8ca4ef2abc25dc13a2ba01671cecc273-2:checked ~ .wrap label.check-block_8ca4ef2abc25dc13a2ba01671cecc273-2 .number span{\n                border-right: 0;\n                \/*border-bottom: 1px solid var(--color-brown);*\/\n            }\n        }\n\n                    \/*#check-block_8ca4ef2abc25dc13a2ba01671cecc273-3:checked ~ .wrap label.check-block_8ca4ef2abc25dc13a2ba01671cecc273-3{\n\n            border-bottom: 1px solid var(--color-brown);\n        }*\/\n        #check-block_8ca4ef2abc25dc13a2ba01671cecc273-3:checked ~ .wrap label.check-block_8ca4ef2abc25dc13a2ba01671cecc273-3 .number span{\n            border-right: 1px solid var(--color-brown);\n        }\n        #check-block_8ca4ef2abc25dc13a2ba01671cecc273-3:checked ~ .wrap .right-column .texto-block_8ca4ef2abc25dc13a2ba01671cecc273-3{\n            display: block;\n            height: 100%;\n            display: flex;\n            align-items: center;\n        }\n\n        #check-block_8ca4ef2abc25dc13a2ba01671cecc273-3:checked ~ .wrap .texto-block_8ca4ef2abc25dc13a2ba01671cecc273-3{\n            max-height: 2000px;\n        }\n        #check-block_8ca4ef2abc25dc13a2ba01671cecc273-3:checked ~ .wrap .texto-block_8ca4ef2abc25dc13a2ba01671cecc273-3 p,\n        #check-block_8ca4ef2abc25dc13a2ba01671cecc273-3:checked ~ .wrap label.check-block_8ca4ef2abc25dc13a2ba01671cecc273-3 .number span{\n            color: #002b59;\n        }\n\n        @media only screen and (max-width:575px) {\n            #check-block_8ca4ef2abc25dc13a2ba01671cecc273-3:checked ~ .wrap label.check-block_8ca4ef2abc25dc13a2ba01671cecc273-3 .number span{\n                border-right: 0;\n                \/*border-bottom: 1px solid var(--color-brown);*\/\n            }\n        }\n\n                    \/*#check-block_8ca4ef2abc25dc13a2ba01671cecc273-4:checked ~ .wrap label.check-block_8ca4ef2abc25dc13a2ba01671cecc273-4{\n\n            border-bottom: 1px solid var(--color-brown);\n        }*\/\n        #check-block_8ca4ef2abc25dc13a2ba01671cecc273-4:checked ~ .wrap label.check-block_8ca4ef2abc25dc13a2ba01671cecc273-4 .number span{\n            border-right: 1px solid var(--color-brown);\n        }\n        #check-block_8ca4ef2abc25dc13a2ba01671cecc273-4:checked ~ .wrap .right-column .texto-block_8ca4ef2abc25dc13a2ba01671cecc273-4{\n            display: block;\n            height: 100%;\n            display: flex;\n            align-items: center;\n        }\n\n        #check-block_8ca4ef2abc25dc13a2ba01671cecc273-4:checked ~ .wrap .texto-block_8ca4ef2abc25dc13a2ba01671cecc273-4{\n            max-height: 2000px;\n        }\n        #check-block_8ca4ef2abc25dc13a2ba01671cecc273-4:checked ~ .wrap .texto-block_8ca4ef2abc25dc13a2ba01671cecc273-4 p,\n        #check-block_8ca4ef2abc25dc13a2ba01671cecc273-4:checked ~ .wrap label.check-block_8ca4ef2abc25dc13a2ba01671cecc273-4 .number span{\n            color: #002b59;\n        }\n\n        @media only screen and (max-width:575px) {\n            #check-block_8ca4ef2abc25dc13a2ba01671cecc273-4:checked ~ .wrap label.check-block_8ca4ef2abc25dc13a2ba01671cecc273-4 .number span{\n                border-right: 0;\n                \/*border-bottom: 1px solid var(--color-brown);*\/\n            }\n        }\n\n                    \/*#check-block_8ca4ef2abc25dc13a2ba01671cecc273-5:checked ~ .wrap label.check-block_8ca4ef2abc25dc13a2ba01671cecc273-5{\n\n            border-bottom: 1px solid var(--color-brown);\n        }*\/\n        #check-block_8ca4ef2abc25dc13a2ba01671cecc273-5:checked ~ .wrap label.check-block_8ca4ef2abc25dc13a2ba01671cecc273-5 .number span{\n            border-right: 1px solid var(--color-brown);\n        }\n        #check-block_8ca4ef2abc25dc13a2ba01671cecc273-5:checked ~ .wrap .right-column .texto-block_8ca4ef2abc25dc13a2ba01671cecc273-5{\n            display: block;\n            height: 100%;\n            display: flex;\n            align-items: center;\n        }\n\n        #check-block_8ca4ef2abc25dc13a2ba01671cecc273-5:checked ~ .wrap .texto-block_8ca4ef2abc25dc13a2ba01671cecc273-5{\n            max-height: 2000px;\n        }\n        #check-block_8ca4ef2abc25dc13a2ba01671cecc273-5:checked ~ .wrap .texto-block_8ca4ef2abc25dc13a2ba01671cecc273-5 p,\n        #check-block_8ca4ef2abc25dc13a2ba01671cecc273-5:checked ~ .wrap label.check-block_8ca4ef2abc25dc13a2ba01671cecc273-5 .number span{\n            color: #002b59;\n        }\n\n        @media only screen and (max-width:575px) {\n            #check-block_8ca4ef2abc25dc13a2ba01671cecc273-5:checked ~ .wrap label.check-block_8ca4ef2abc25dc13a2ba01671cecc273-5 .number span{\n                border-right: 0;\n                \/*border-bottom: 1px solid var(--color-brown);*\/\n            }\n        }\n\n                    \/*#check-block_8ca4ef2abc25dc13a2ba01671cecc273-6:checked ~ .wrap label.check-block_8ca4ef2abc25dc13a2ba01671cecc273-6{\n\n            border-bottom: 1px solid var(--color-brown);\n        }*\/\n        #check-block_8ca4ef2abc25dc13a2ba01671cecc273-6:checked ~ .wrap label.check-block_8ca4ef2abc25dc13a2ba01671cecc273-6 .number span{\n            border-right: 1px solid var(--color-brown);\n        }\n        #check-block_8ca4ef2abc25dc13a2ba01671cecc273-6:checked ~ .wrap .right-column .texto-block_8ca4ef2abc25dc13a2ba01671cecc273-6{\n            display: block;\n            height: 100%;\n            display: flex;\n            align-items: center;\n        }\n\n        #check-block_8ca4ef2abc25dc13a2ba01671cecc273-6:checked ~ .wrap .texto-block_8ca4ef2abc25dc13a2ba01671cecc273-6{\n            max-height: 2000px;\n        }\n        #check-block_8ca4ef2abc25dc13a2ba01671cecc273-6:checked ~ .wrap .texto-block_8ca4ef2abc25dc13a2ba01671cecc273-6 p,\n        #check-block_8ca4ef2abc25dc13a2ba01671cecc273-6:checked ~ .wrap label.check-block_8ca4ef2abc25dc13a2ba01671cecc273-6 .number span{\n            color: #002b59;\n        }\n\n        @media only screen and (max-width:575px) {\n            #check-block_8ca4ef2abc25dc13a2ba01671cecc273-6:checked ~ .wrap label.check-block_8ca4ef2abc25dc13a2ba01671cecc273-6 .number span{\n                border-right: 0;\n                \/*border-bottom: 1px solid var(--color-brown);*\/\n            }\n        }\n\n                    \/*#check-block_8ca4ef2abc25dc13a2ba01671cecc273-7:checked ~ .wrap label.check-block_8ca4ef2abc25dc13a2ba01671cecc273-7{\n\n            border-bottom: 1px solid var(--color-brown);\n        }*\/\n        #check-block_8ca4ef2abc25dc13a2ba01671cecc273-7:checked ~ .wrap label.check-block_8ca4ef2abc25dc13a2ba01671cecc273-7 .number span{\n            border-right: 1px solid var(--color-brown);\n        }\n        #check-block_8ca4ef2abc25dc13a2ba01671cecc273-7:checked ~ .wrap .right-column .texto-block_8ca4ef2abc25dc13a2ba01671cecc273-7{\n            display: block;\n            height: 100%;\n            display: flex;\n            align-items: center;\n        }\n\n        #check-block_8ca4ef2abc25dc13a2ba01671cecc273-7:checked ~ .wrap .texto-block_8ca4ef2abc25dc13a2ba01671cecc273-7{\n            max-height: 2000px;\n        }\n        #check-block_8ca4ef2abc25dc13a2ba01671cecc273-7:checked ~ .wrap .texto-block_8ca4ef2abc25dc13a2ba01671cecc273-7 p,\n        #check-block_8ca4ef2abc25dc13a2ba01671cecc273-7:checked ~ .wrap label.check-block_8ca4ef2abc25dc13a2ba01671cecc273-7 .number span{\n            color: #002b59;\n        }\n\n        @media only screen and (max-width:575px) {\n            #check-block_8ca4ef2abc25dc13a2ba01671cecc273-7:checked ~ .wrap label.check-block_8ca4ef2abc25dc13a2ba01671cecc273-7 .number span{\n                border-right: 0;\n                \/*border-bottom: 1px solid var(--color-brown);*\/\n            }\n        }\n\n             \n<\/style>\n\n\n<div id=\"block-acordeones-especiales-color-home-block_8ca4ef2abc25dc13a2ba01671cecc273\" class=\"block-acordeones-especiales-color-home\">\n                            <input type=\"radio\" name=\"block_8ca4ef2abc25dc13a2ba01671cecc273\" id=\"check-block_8ca4ef2abc25dc13a2ba01671cecc273-1\" style=\"display: none;\" checked>\n                \n                                <input type=\"radio\" name=\"block_8ca4ef2abc25dc13a2ba01671cecc273\" id=\"check-block_8ca4ef2abc25dc13a2ba01671cecc273-2\" style=\"display: none;\">\n                \n                                <input type=\"radio\" name=\"block_8ca4ef2abc25dc13a2ba01671cecc273\" id=\"check-block_8ca4ef2abc25dc13a2ba01671cecc273-3\" style=\"display: none;\">\n                \n                                <input type=\"radio\" name=\"block_8ca4ef2abc25dc13a2ba01671cecc273\" id=\"check-block_8ca4ef2abc25dc13a2ba01671cecc273-4\" style=\"display: none;\">\n                \n                                <input type=\"radio\" name=\"block_8ca4ef2abc25dc13a2ba01671cecc273\" id=\"check-block_8ca4ef2abc25dc13a2ba01671cecc273-5\" style=\"display: none;\">\n                \n                                <input type=\"radio\" name=\"block_8ca4ef2abc25dc13a2ba01671cecc273\" id=\"check-block_8ca4ef2abc25dc13a2ba01671cecc273-6\" style=\"display: none;\">\n                \n                                <input type=\"radio\" name=\"block_8ca4ef2abc25dc13a2ba01671cecc273\" id=\"check-block_8ca4ef2abc25dc13a2ba01671cecc273-7\" style=\"display: none;\">\n                \n            \n\n    <div class=\"wrap\">\n       \n        <div class=\"control-grid\">\n            <div class=\"left-column\">\n                                                    <div class=\"single-acordeon\"> \n                        <label style=\"background-color:#195b9f; color:#002b59\" class=\"accordeon-title check-block_8ca4ef2abc25dc13a2ba01671cecc273-1\" for=\"check-block_8ca4ef2abc25dc13a2ba01671cecc273-1\">\n                            <div class=\"number\"><span>01<\/span><\/div>\n                            <h3>Photovoltaischer Eigenverbrauch<\/h3>\n                            <div class=\"arrow\">\n                                <i class=\"fa-solid fa-circle-chevron-right\"><\/i>\n                            <\/div>\n                        <\/label>\n\n                        <div style=\"background-color:#195b9f; color:#002b59\" class=\"mobile-accordion-text mobile-accordion-text texto-block_8ca4ef2abc25dc13a2ba01671cecc273-1\">\n                            <div class=\"control\">\n                                                                    <div class=\"icon\">\n                                        <img decoding=\"async\" src=\"https:\/\/www.solarta.com\/wp-content\/uploads\/2025\/01\/autoconsumo-fotovoltaico-placas-solares-mallorca.png\" alt=\"\" title=\"\">\n                                    <\/div>\n                                                                <p>Installiere ein <b><strong class=\"PlaygroundEditorTheme__textBold\">Photovoltaik-Solarenergiesystemf\u00fcr<\/strong><\/b> <b><strong class=\"PlaygroundEditorTheme__textBold\">den Eigenverbrauch<\/strong><\/b>, das es dir erm\u00f6glicht, deine eigene Energie zu produzieren und zu nutzen, wodurch du deinen Verbrauch aus dem Stromnetz reduzierst, auch wenn du an das \u00f6ffentliche Versorgungsnetz angeschlossen bist und einen aktiven Vertrag mit einem Elektrizit\u00e4tsunternehmen hast.<\/p>\n                                                                    <div class=\"button-container\">\n                                        <a rel=\"nofollow\" class=\"button-white\" href=\"https:\/\/www.solarta.com\/de\/photovoltaischer-eigenverbrauch-solarmodule-mallorca\/\" target=\"_self\">Eigenverbrauch<\/a>\n                                    <\/div>\n                                                        <\/div>\n                        <\/div>\n\n                    <\/div>\n                                                        <div class=\"single-acordeon\"> \n                        <label style=\"background-color:#326daa; color:#002b59\" class=\"accordeon-title check-block_8ca4ef2abc25dc13a2ba01671cecc273-2\" for=\"check-block_8ca4ef2abc25dc13a2ba01671cecc273-2\">\n                            <div class=\"number\"><span>02<\/span><\/div>\n                            <h3>Solarenergie. Inselanlagen<\/h3>\n                            <div class=\"arrow\">\n                                <i class=\"fa-solid fa-circle-chevron-right\"><\/i>\n                            <\/div>\n                        <\/label>\n\n                        <div style=\"background-color:#326daa; color:#002b59\" class=\"mobile-accordion-text mobile-accordion-text texto-block_8ca4ef2abc25dc13a2ba01671cecc273-2\">\n                            <div class=\"control\">\n                                                                    <div class=\"icon\">\n                                        <img decoding=\"async\" src=\"https:\/\/www.solarta.com\/wp-content\/uploads\/2025\/01\/energia-solar-sistemas-aislados-mallorca.png\" alt=\"\" title=\"\">\n                                    <\/div>\n                                                                <p>Integriere ein isoliertes Solarsystem, das es dir erm\u00f6glicht, dein Zuhause oder Unternehmen zu 100 % autark mit Energie zu versorgen, unabh\u00e4ngig vom Stromnetz. Du wirst lernen, Energie als wertvolle Ressource zu sch\u00e4tzen. Die Energie- und Kosteneinsparungenh\u00e4ngen davon ab, wie und wann du sie nutzt.<\/p>\n                                                                    <div class=\"button-container\">\n                                        <a rel=\"nofollow\" class=\"button-white\" href=\"https:\/\/www.solarta.com\/de\/solarenergie-inselanlagen-mallorca\/\" target=\"_self\">Solarmodule<\/a>\n                                    <\/div>\n                                                        <\/div>\n                        <\/div>\n\n                    <\/div>\n                                                        <div class=\"single-acordeon\"> \n                        <label style=\"background-color:#4C7FB4; color:#002b59\" class=\"accordeon-title check-block_8ca4ef2abc25dc13a2ba01671cecc273-3\" for=\"check-block_8ca4ef2abc25dc13a2ba01671cecc273-3\">\n                            <div class=\"number\"><span>03<\/span><\/div>\n                            <h3>Aerothermie\u00a0<\/h3>\n                            <div class=\"arrow\">\n                                <i class=\"fa-solid fa-circle-chevron-right\"><\/i>\n                            <\/div>\n                        <\/label>\n\n                        <div style=\"background-color:#4C7FB4; color:#002b59\" class=\"mobile-accordion-text mobile-accordion-text texto-block_8ca4ef2abc25dc13a2ba01671cecc273-3\">\n                            <div class=\"control\">\n                                                                    <div class=\"icon\">\n                                        <img decoding=\"async\" src=\"https:\/\/www.solarta.com\/wp-content\/uploads\/2025\/01\/instalador-aerotermia-mallorca.png\" alt=\"\" title=\"\">\n                                    <\/div>\n                                                                <p>Nutze ein <b><strong class=\"PlaygroundEditorTheme__textBold\">Aerothermie-System<\/strong><\/b>, eine erneuerbare Energiequelle, die Au\u00dfenluft aufnimmt und sie ins Innere \u00fcbertr\u00e4gt, um im Winter Heizung und Warmwasser und im Sommer K\u00fchlung zu erzeugen. Kombiniere eine <b><strong class=\"PlaygroundEditorTheme__textBold\">Aerothermie-W\u00e4rmepumpemit Photovoltaikanlagen<\/strong><\/b>, um den Energieverbrauch in deinem Zuhause oder Unternehmen nahezu zu eliminieren.<\/p>\n                                                                    <div class=\"button-container\">\n                                        <a rel=\"nofollow\" class=\"button-white\" href=\"https:\/\/www.solarta.com\/de\/installateur-aerothermie-mallorca\/\" target=\"_self\">Aerothermie&nbsp;<\/a>\n                                    <\/div>\n                                                        <\/div>\n                        <\/div>\n\n                    <\/div>\n                                                        <div class=\"single-acordeon\"> \n                        <label style=\"background-color:#6691bf; color:#002b59\" class=\"accordeon-title check-block_8ca4ef2abc25dc13a2ba01671cecc273-4\" for=\"check-block_8ca4ef2abc25dc13a2ba01671cecc273-4\">\n                            <div class=\"number\"><span>04<\/span><\/div>\n                            <h3>Ladestation f\u00fcr Elektroautos<\/h3>\n                            <div class=\"arrow\">\n                                <i class=\"fa-solid fa-circle-chevron-right\"><\/i>\n                            <\/div>\n                        <\/label>\n\n                        <div style=\"background-color:#6691bf; color:#002b59\" class=\"mobile-accordion-text mobile-accordion-text texto-block_8ca4ef2abc25dc13a2ba01671cecc273-4\">\n                            <div class=\"control\">\n                                                                    <div class=\"icon\">\n                                        <img decoding=\"async\" src=\"https:\/\/www.solarta.com\/wp-content\/uploads\/2025\/01\/cargador-coche-electrico-mallorca.png\" alt=\"\" title=\"\">\n                                    <\/div>\n                                                                <p>Nutze die saubere Energie deiner <b><strong class=\"PlaygroundEditorTheme__textBold\">Solarmodule<\/strong><\/b> auf effiziente und nachhaltige Weise. Wenn du mit <b><strong class=\"PlaygroundEditorTheme__textBold\">Solarenergie l\u00e4dst<\/strong><\/b>, nutzt du zwei Schl\u00fcsseltechnologien f\u00fcr die Energiewende. Mit einer <b><strong class=\"PlaygroundEditorTheme__textBold\">Ladestation zu Hause<\/strong><\/b> kannst du \u00fcber Nacht langsame Ladevorg\u00e4nge durchf\u00fchren und so die Lebensdauer der Batterie verl\u00e4ngern.<\/p>\n                                                                    <div class=\"button-container\">\n                                        <a rel=\"nofollow\" class=\"button-white\" href=\"https:\/\/www.solarta.com\/de\/ladegerat-fur-elektroautos-mallorca\/\" target=\"_self\">Ladeger\u00e4t&nbsp;<\/a>\n                                    <\/div>\n                                                        <\/div>\n                        <\/div>\n\n                    <\/div>\n                                                        <div class=\"single-acordeon\"> \n                        <label style=\"background-color:#7fa4ca; color:#002b59\" class=\"accordeon-title check-block_8ca4ef2abc25dc13a2ba01671cecc273-5\" for=\"check-block_8ca4ef2abc25dc13a2ba01671cecc273-5\">\n                            <div class=\"number\"><span>05<\/span><\/div>\n                            <h3>Energiemanagement<\/h3>\n                            <div class=\"arrow\">\n                                <i class=\"fa-solid fa-circle-chevron-right\"><\/i>\n                            <\/div>\n                        <\/label>\n\n                        <div style=\"background-color:#7fa4ca; color:#002b59\" class=\"mobile-accordion-text mobile-accordion-text texto-block_8ca4ef2abc25dc13a2ba01671cecc273-5\">\n                            <div class=\"control\">\n                                                                    <div class=\"icon\">\n                                        <img decoding=\"async\" src=\"https:\/\/www.solarta.com\/wp-content\/uploads\/2025\/01\/gestion-energetica-casas-inteligentes-mallorca.png\" alt=\"\" title=\"\">\n                                    <\/div>\n                                                                <p>F\u00fchre ein intelligentes Energiemanagement durch. Der beste Weg, Solarenergie zu nutzen, ist, sie zu verbrauchen, wenn sie erzeugt wird. Die Automatisierung von Aufgaben erm\u00f6glicht es, die Energieverteilung auf die effizienteste Weise zu steuern. Ein <b><strong class=\"PlaygroundEditorTheme__textBold\">intelligentes Energiemanagementsystem<\/strong><\/b> \u00fcberwacht den Verbrauch und personalisiert die Funktionen deines Hauses oder Geb\u00e4udes von jedem Ger\u00e4t aus.<\/p>\n                                                                    <div class=\"button-container\">\n                                        <a rel=\"nofollow\" class=\"button-white\" href=\"https:\/\/www.solarta.com\/de\/gestion-energiemanagement-mallorca-intelligente-haeuser\/\" target=\"_self\">Management<\/a>\n                                    <\/div>\n                                                        <\/div>\n                        <\/div>\n\n                    <\/div>\n                                                        <div class=\"single-acordeon\"> \n                        <label style=\"background-color:#99b6d4; color:#002b59\" class=\"accordeon-title check-block_8ca4ef2abc25dc13a2ba01671cecc273-6\" for=\"check-block_8ca4ef2abc25dc13a2ba01671cecc273-6\">\n                            <div class=\"number\"><span>06<\/span><\/div>\n                            <h3>Umfassender Service<\/h3>\n                            <div class=\"arrow\">\n                                <i class=\"fa-solid fa-circle-chevron-right\"><\/i>\n                            <\/div>\n                        <\/label>\n\n                        <div style=\"background-color:#99b6d4; color:#002b59\" class=\"mobile-accordion-text mobile-accordion-text texto-block_8ca4ef2abc25dc13a2ba01671cecc273-6\">\n                            <div class=\"control\">\n                                                                    <div class=\"icon\">\n                                        <img decoding=\"async\" src=\"https:\/\/www.solarta.com\/wp-content\/uploads\/2025\/01\/asistencia-integral-soluciones-energeticas-mallorca.png\" alt=\"\" title=\"\">\n                                    <\/div>\n                                                                <p>Alles aus einer Hand, unsere Art, dich zu betreuen. Solarta Balear bietet ein umfassendes Management, um dein Projekt voranzutreiben. Unser Team beantwortet alle deine Anfragen, bietet ma\u00dfgeschneiderte Energiel\u00f6sungen und ber\u00e4t effizient auf allen Ebenen: technisch, rechtlich und kommerziell.<\/p>\n                                                                    <div class=\"button-container\">\n                                        <a rel=\"nofollow\" class=\"button-white\" href=\"https:\/\/www.solarta.com\/de\/umfassende-unterstutzung-energielosungen-auf-mallorca\/\" target=\"_self\">Beratung<\/a>\n                                    <\/div>\n                                                        <\/div>\n                        <\/div>\n\n                    <\/div>\n                                                        <div class=\"single-acordeon\"> \n                        <label style=\"background-color:#b2c8df; color:#002b59\" class=\"accordeon-title check-block_8ca4ef2abc25dc13a2ba01671cecc273-7\" for=\"check-block_8ca4ef2abc25dc13a2ba01671cecc273-7\">\n                            <div class=\"number\"><span>07<\/span><\/div>\n                            <h3>F\u00f6rderungen f\u00fcr Solarmodule<\/h3>\n                            <div class=\"arrow\">\n                                <i class=\"fa-solid fa-circle-chevron-right\"><\/i>\n                            <\/div>\n                        <\/label>\n\n                        <div style=\"background-color:#b2c8df; color:#002b59\" class=\"mobile-accordion-text mobile-accordion-text texto-block_8ca4ef2abc25dc13a2ba01671cecc273-7\">\n                            <div class=\"control\">\n                                                                    <div class=\"icon\">\n                                        <img decoding=\"async\" src=\"https:\/\/www.solarta.com\/wp-content\/uploads\/2025\/01\/ayudas-y-subvenciones-placas-solares-mallorca.png\" alt=\"\" title=\"\">\n                                    <\/div>\n                                                                <p>Bei Solarta Balear verwalten wir die verschiedenen \u00f6ffentlichen F\u00f6rderungen, die auf Mallorca f\u00fcr <b><strong class=\"PlaygroundEditorTheme__textBold\">Solarplatteninstallation<\/strong><\/b>, Aerothermie und <b><strong class=\"PlaygroundEditorTheme__textBold\">Ladestationen f\u00fcr Elektrofahrzeuge<\/strong><\/b> verf\u00fcgbar sind. Wir erleichtern die Investition unserer Kunden mit einer Abteilung, die sich der umfassenden Verwaltung von Subventionen widmet.<\/p>\n                                                                    <div class=\"button-container\">\n                                        <a rel=\"nofollow\" class=\"button-white\" href=\"https:\/\/www.solarta.com\/de\/forderungen-und-zuschusse-fur-solarpanels-mallorca\/\" target=\"_self\">F\u00f6rderungen<\/a>\n                                    <\/div>\n                                                        <\/div>\n                        <\/div>\n\n                    <\/div>\n                                                <\/div>\n            <div class=\"right-column\">\n                                                    <style type=\"text\/css\">\n                        \n                    <\/style>\n                    <div style=\"background-color:#195b9f; color:#002b59\"  class=\"texto texto-block_8ca4ef2abc25dc13a2ba01671cecc273-1 acordeon-number-1\">\n                        <div class=\"control\">\n                            <div class=\"number\">\n                                <span>01<\/span>\n                            <\/div>\n                            \n                                                            <div class=\"icon\">\n                                    <img decoding=\"async\" src=\"https:\/\/www.solarta.com\/wp-content\/uploads\/2025\/01\/autoconsumo-fotovoltaico-placas-solares-mallorca.png\" alt=\"\" title=\"\">\n                                <\/div>\n                                                        \n                            <p style=\"font: var(--title-card);\">Photovoltaischer Eigenverbrauch<\/p>\n                            <p>Installiere ein <b><strong class=\"PlaygroundEditorTheme__textBold\">Photovoltaik-Solarenergiesystemf\u00fcr<\/strong><\/b> <b><strong class=\"PlaygroundEditorTheme__textBold\">den Eigenverbrauch<\/strong><\/b>, das es dir erm\u00f6glicht, deine eigene Energie zu produzieren und zu nutzen, wodurch du deinen Verbrauch aus dem Stromnetz reduzierst, auch wenn du an das \u00f6ffentliche Versorgungsnetz angeschlossen bist und einen aktiven Vertrag mit einem Elektrizit\u00e4tsunternehmen hast.<\/p>\n                            \n                                                                <div class=\"button-container\">\n                                        <a rel=\"nofollow\" class=\"button-white\" href=\"https:\/\/www.solarta.com\/de\/photovoltaischer-eigenverbrauch-solarmodule-mallorca\/\" target=\"_self\">Eigenverbrauch<\/a>\n                                    <\/div>\n                            \n\n                        <\/div>\n                    <\/div>\n                                    <style type=\"text\/css\">\n                        \n                    <\/style>\n                    <div style=\"background-color:#326daa; color:#002b59\"  class=\"texto texto-block_8ca4ef2abc25dc13a2ba01671cecc273-2 acordeon-number-2\">\n                        <div class=\"control\">\n                            <div class=\"number\">\n                                <span>02<\/span>\n                            <\/div>\n                            \n                                                            <div class=\"icon\">\n                                    <img decoding=\"async\" src=\"https:\/\/www.solarta.com\/wp-content\/uploads\/2025\/01\/energia-solar-sistemas-aislados-mallorca.png\" alt=\"\" title=\"\">\n                                <\/div>\n                                                        \n                            <p style=\"font: var(--title-card);\">Solarenergie. Inselanlagen<\/p>\n                            <p>Integriere ein isoliertes Solarsystem, das es dir erm\u00f6glicht, dein Zuhause oder Unternehmen zu 100 % autark mit Energie zu versorgen, unabh\u00e4ngig vom Stromnetz. Du wirst lernen, Energie als wertvolle Ressource zu sch\u00e4tzen. Die Energie- und Kosteneinsparungenh\u00e4ngen davon ab, wie und wann du sie nutzt.<\/p>\n                            \n                                                                <div class=\"button-container\">\n                                        <a rel=\"nofollow\" class=\"button-white\" href=\"https:\/\/www.solarta.com\/de\/solarenergie-inselanlagen-mallorca\/\" target=\"_self\">Solarmodule<\/a>\n                                    <\/div>\n                            \n\n                        <\/div>\n                    <\/div>\n                                    <style type=\"text\/css\">\n                        \n                    <\/style>\n                    <div style=\"background-color:#4C7FB4; color:#002b59\"  class=\"texto texto-block_8ca4ef2abc25dc13a2ba01671cecc273-3 acordeon-number-3\">\n                        <div class=\"control\">\n                            <div class=\"number\">\n                                <span>03<\/span>\n                            <\/div>\n                            \n                                                            <div class=\"icon\">\n                                    <img decoding=\"async\" src=\"https:\/\/www.solarta.com\/wp-content\/uploads\/2025\/01\/instalador-aerotermia-mallorca.png\" alt=\"\" title=\"\">\n                                <\/div>\n                                                        \n                            <p style=\"font: var(--title-card);\">Aerothermie\u00a0<\/p>\n                            <p>Nutze ein <b><strong class=\"PlaygroundEditorTheme__textBold\">Aerothermie-System<\/strong><\/b>, eine erneuerbare Energiequelle, die Au\u00dfenluft aufnimmt und sie ins Innere \u00fcbertr\u00e4gt, um im Winter Heizung und Warmwasser und im Sommer K\u00fchlung zu erzeugen. Kombiniere eine <b><strong class=\"PlaygroundEditorTheme__textBold\">Aerothermie-W\u00e4rmepumpemit Photovoltaikanlagen<\/strong><\/b>, um den Energieverbrauch in deinem Zuhause oder Unternehmen nahezu zu eliminieren.<\/p>\n                            \n                                                                <div class=\"button-container\">\n                                        <a rel=\"nofollow\" class=\"button-white\" href=\"https:\/\/www.solarta.com\/de\/installateur-aerothermie-mallorca\/\" target=\"_self\">Aerothermie&nbsp;<\/a>\n                                    <\/div>\n                            \n\n                        <\/div>\n                    <\/div>\n                                    <style type=\"text\/css\">\n                        \n                    <\/style>\n                    <div style=\"background-color:#6691bf; color:#002b59\"  class=\"texto texto-block_8ca4ef2abc25dc13a2ba01671cecc273-4 acordeon-number-4\">\n                        <div class=\"control\">\n                            <div class=\"number\">\n                                <span>04<\/span>\n                            <\/div>\n                            \n                                                            <div class=\"icon\">\n                                    <img decoding=\"async\" src=\"https:\/\/www.solarta.com\/wp-content\/uploads\/2025\/01\/cargador-coche-electrico-mallorca.png\" alt=\"\" title=\"\">\n                                <\/div>\n                                                        \n                            <p style=\"font: var(--title-card);\">Ladestation f\u00fcr Elektroautos<\/p>\n                            <p>Nutze die saubere Energie deiner <b><strong class=\"PlaygroundEditorTheme__textBold\">Solarmodule<\/strong><\/b> auf effiziente und nachhaltige Weise. Wenn du mit <b><strong class=\"PlaygroundEditorTheme__textBold\">Solarenergie l\u00e4dst<\/strong><\/b>, nutzt du zwei Schl\u00fcsseltechnologien f\u00fcr die Energiewende. Mit einer <b><strong class=\"PlaygroundEditorTheme__textBold\">Ladestation zu Hause<\/strong><\/b> kannst du \u00fcber Nacht langsame Ladevorg\u00e4nge durchf\u00fchren und so die Lebensdauer der Batterie verl\u00e4ngern.<\/p>\n                            \n                                                                <div class=\"button-container\">\n                                        <a rel=\"nofollow\" class=\"button-white\" href=\"https:\/\/www.solarta.com\/de\/ladegerat-fur-elektroautos-mallorca\/\" target=\"_self\">Ladeger\u00e4t&nbsp;<\/a>\n                                    <\/div>\n                            \n\n                        <\/div>\n                    <\/div>\n                                    <style type=\"text\/css\">\n                        \n                    <\/style>\n                    <div style=\"background-color:#7fa4ca; color:#002b59\"  class=\"texto texto-block_8ca4ef2abc25dc13a2ba01671cecc273-5 acordeon-number-5\">\n                        <div class=\"control\">\n                            <div class=\"number\">\n                                <span>05<\/span>\n                            <\/div>\n                            \n                                                            <div class=\"icon\">\n                                    <img decoding=\"async\" src=\"https:\/\/www.solarta.com\/wp-content\/uploads\/2025\/01\/gestion-energetica-casas-inteligentes-mallorca.png\" alt=\"\" title=\"\">\n                                <\/div>\n                                                        \n                            <p style=\"font: var(--title-card);\">Energiemanagement<\/p>\n                            <p>F\u00fchre ein intelligentes Energiemanagement durch. Der beste Weg, Solarenergie zu nutzen, ist, sie zu verbrauchen, wenn sie erzeugt wird. Die Automatisierung von Aufgaben erm\u00f6glicht es, die Energieverteilung auf die effizienteste Weise zu steuern. Ein <b><strong class=\"PlaygroundEditorTheme__textBold\">intelligentes Energiemanagementsystem<\/strong><\/b> \u00fcberwacht den Verbrauch und personalisiert die Funktionen deines Hauses oder Geb\u00e4udes von jedem Ger\u00e4t aus.<\/p>\n                            \n                                                                <div class=\"button-container\">\n                                        <a rel=\"nofollow\" class=\"button-white\" href=\"https:\/\/www.solarta.com\/de\/gestion-energiemanagement-mallorca-intelligente-haeuser\/\" target=\"_self\">Management<\/a>\n                                    <\/div>\n                            \n\n                        <\/div>\n                    <\/div>\n                                    <style type=\"text\/css\">\n                        \n                    <\/style>\n                    <div style=\"background-color:#99b6d4; color:#002b59\"  class=\"texto texto-block_8ca4ef2abc25dc13a2ba01671cecc273-6 acordeon-number-6\">\n                        <div class=\"control\">\n                            <div class=\"number\">\n                                <span>06<\/span>\n                            <\/div>\n                            \n                                                            <div class=\"icon\">\n                                    <img decoding=\"async\" src=\"https:\/\/www.solarta.com\/wp-content\/uploads\/2025\/01\/asistencia-integral-soluciones-energeticas-mallorca.png\" alt=\"\" title=\"\">\n                                <\/div>\n                                                        \n                            <p style=\"font: var(--title-card);\">Umfassender Service<\/p>\n                            <p>Alles aus einer Hand, unsere Art, dich zu betreuen. Solarta Balear bietet ein umfassendes Management, um dein Projekt voranzutreiben. Unser Team beantwortet alle deine Anfragen, bietet ma\u00dfgeschneiderte Energiel\u00f6sungen und ber\u00e4t effizient auf allen Ebenen: technisch, rechtlich und kommerziell.<\/p>\n                            \n                                                                <div class=\"button-container\">\n                                        <a rel=\"nofollow\" class=\"button-white\" href=\"https:\/\/www.solarta.com\/de\/umfassende-unterstutzung-energielosungen-auf-mallorca\/\" target=\"_self\">Beratung<\/a>\n                                    <\/div>\n                            \n\n                        <\/div>\n                    <\/div>\n                                    <style type=\"text\/css\">\n                        \n                    <\/style>\n                    <div style=\"background-color:#b2c8df; color:#002b59\"  class=\"texto texto-block_8ca4ef2abc25dc13a2ba01671cecc273-7 acordeon-number-7\">\n                        <div class=\"control\">\n                            <div class=\"number\">\n                                <span>07<\/span>\n                            <\/div>\n                            \n                                                            <div class=\"icon\">\n                                    <img decoding=\"async\" src=\"https:\/\/www.solarta.com\/wp-content\/uploads\/2025\/01\/ayudas-y-subvenciones-placas-solares-mallorca.png\" alt=\"\" title=\"\">\n                                <\/div>\n                                                        \n                            <p style=\"font: var(--title-card);\">F\u00f6rderungen f\u00fcr Solarmodule<\/p>\n                            <p>Bei Solarta Balear verwalten wir die verschiedenen \u00f6ffentlichen F\u00f6rderungen, die auf Mallorca f\u00fcr <b><strong class=\"PlaygroundEditorTheme__textBold\">Solarplatteninstallation<\/strong><\/b>, Aerothermie und <b><strong class=\"PlaygroundEditorTheme__textBold\">Ladestationen f\u00fcr Elektrofahrzeuge<\/strong><\/b> verf\u00fcgbar sind. Wir erleichtern die Investition unserer Kunden mit einer Abteilung, die sich der umfassenden Verwaltung von Subventionen widmet.<\/p>\n                            \n                                                                <div class=\"button-container\">\n                                        <a rel=\"nofollow\" class=\"button-white\" href=\"https:\/\/www.solarta.com\/de\/forderungen-und-zuschusse-fur-solarpanels-mallorca\/\" target=\"_self\">F\u00f6rderungen<\/a>\n                                    <\/div>\n                            \n\n                        <\/div>\n                    <\/div>\n                            <\/div>\n\n        <\/div>\n        \n    <\/div>\n<\/div>\n\n\n\n\n                    \n\n\n<div class=\"wp-block-group de-certificaciones\"><div class=\"wp-block-group__inner-container is-layout-constrained wp-block-group-is-layout-constrained\">\n\n<div id=\"block-certificaciones-block_33fa0bcf288fb44186f6c13f7db28bdb\" class=\"block-certificaciones\">\n    <div class=\"wrap-small\">\n        <div class=\"control-columns\">\n            <div class=\"left-column\">\n                <p class=\"title-sup\">Unsere Zertifizierungen<\/p>\n                <h2>Solarinstallationsunternehmen. <span class=\"brown\">Professionalit\u00e4t<\/span><\/h2>\n                <h3>Mit Solarta Balear bist du in guten H\u00e4nden<\/h3>\n                <div class=\"text\">\n                    <ul>\n<li class=\"PlaygroundEditorTheme__listItem\" value=\"1\">Installationsunternehmen auf Mallorca, zugelassen durch die Direktion f\u00fcr Industriepolitik:<\/li>\n<li class=\"PlaygroundEditorTheme__listItem PlaygroundEditorTheme__nestedListItem\" value=\"2\">\n<ul class=\"PlaygroundEditorTheme__ul\">\n<li class=\"PlaygroundEditorTheme__listItem PlaygroundEditorTheme__nestedListItem\" value=\"1\">\n<ul class=\"PlaygroundEditorTheme__ul\">\n<li class=\"PlaygroundEditorTheme__listItem\" value=\"1\">Unternehmen f\u00fcr thermische Installationen in Geb\u00e4uden (Installateur und Wartungstechniker)<\/li>\n<li class=\"PlaygroundEditorTheme__listItem\" value=\"2\">Unternehmen f\u00fcr Niederspannungsinstallationen<\/li>\n<li class=\"PlaygroundEditorTheme__listItem\" value=\"3\">Industrie-Registriercode RI: 35480<\/li>\n<\/ul>\n<\/li>\n<\/ul>\n<\/li>\n<\/ul>\n                <\/div>\n            <\/div>\n            <div class=\"right-column\">\n                <div class=\"text\">\n                    <ul>\n<li class=\"PlaygroundEditorTheme__listItem\" value=\"2\">Energieagent der Energiegesellschaft Fenie Energ\u00eda. EDE Nr. 3544<\/li>\n<li class=\"PlaygroundEditorTheme__listItem\" value=\"3\">Partner unserer Lieferanten: SMA, BYD, LOXONE, PANASONIC<\/li>\n<li class=\"PlaygroundEditorTheme__listItem\" value=\"4\">Solarta Balear Headquarters: Das erste gro\u00dfe Neubau-Terti\u00e4rgeb\u00e4ude mit der energetischen Klassifizierung A auf den Balearen. 04.02.2014 Nr. 14174<\/li>\n<li class=\"PlaygroundEditorTheme__listItem\" value=\"5\">Registriertes Unternehmen auf den Balearen als kleiner Produzent von gef\u00e4hrlichen Abf\u00e4llen mit Code 04P02000000011828. Produktionsstandort: Avda. Dels Pujols 13, Art\u00e1. NIMA-Code 0700011427<\/li>\n<li class=\"PlaygroundEditorTheme__listItem\" value=\"6\">Akkreditiertes Unternehmen im Bausektor auf den Balearen. Code R.E.A 04\/01\/0005278<\/li>\n<li class=\"PlaygroundEditorTheme__listItem\" value=\"7\">Mitglied professioneller, regionaler und nationaler Organisationen: ASINEM, UNEF, COGITI BALEARS, HAZ ENERG\u00cdA<\/li>\n<\/ul>\n                <\/div>\n            <\/div>\n        <\/div>\n        <div class=\"logotipos\">\n                            <div class=\"logotipo-single\">\n                    \n                            <img decoding=\"async\" src=\"https:\/\/www.solarta.com\/wp-content\/uploads\/2024\/09\/image-1055.png\" alt=\"\" title=\"logo gris de loxone | Instaladores de placas solares Mallorca\">\n\n                                        <\/div>\n                            <div class=\"logotipo-single\">\n                    \n                            <img decoding=\"async\" src=\"https:\/\/www.solarta.com\/wp-content\/uploads\/2024\/09\/image-1056.png\" alt=\"\" title=\"logo gris BYD | Instaladores de placas solares Mallorca\">\n\n                                        <\/div>\n                            <div class=\"logotipo-single\">\n                    \n                            <img decoding=\"async\" src=\"https:\/\/www.solarta.com\/wp-content\/uploads\/2024\/09\/image-1057.png\" alt=\"\" title=\"logo gris SMA | Instaladores de placas solares Mallorca\">\n\n                                        <\/div>\n                            <div class=\"logotipo-single\">\n                    \n                            <img decoding=\"async\" src=\"https:\/\/www.solarta.com\/wp-content\/uploads\/2024\/09\/image-1059.png\" alt=\"\" title=\"logo gris panasonic | Instaladores de placas solares Mallorca\">\n\n                                        <\/div>\n                            <div class=\"logotipo-single\">\n                    \n                            <img decoding=\"async\" src=\"https:\/\/www.solarta.com\/wp-content\/uploads\/2024\/09\/image-1060.png\" alt=\"\" title=\"logo gris asinem | Instaladores de placas solares Mallorca\">\n\n                                        <\/div>\n                            <div class=\"logotipo-single\">\n                    \n                            <img decoding=\"async\" src=\"https:\/\/www.solarta.com\/wp-content\/uploads\/2024\/09\/image-1061.png\" alt=\"\" title=\"logo gris unef | Instaladores de placas solares Mallorca\">\n\n                                        <\/div>\n                            <div class=\"logotipo-single\">\n                    \n                            <img decoding=\"async\" src=\"https:\/\/www.solarta.com\/wp-content\/uploads\/2024\/09\/image-1062.png\" alt=\"\" title=\"logo gris cogiti | Instaladores de placas solares Mallorca\">\n\n                                        <\/div>\n                            <div class=\"logotipo-single\">\n                    \n                            <img decoding=\"async\" src=\"https:\/\/www.solarta.com\/wp-content\/uploads\/2024\/09\/image-1063.png\" alt=\"\" title=\"logo gris haz energia | Instaladores de placas solares Mallorca\">\n\n                                        <\/div>\n                    <\/div>\n        <div class=\"button-container\">\n                            <p><a rel=\"nofollow\" class=\"button-yellow\" href=\"https:\/\/www.solarta.com\/de\/kontakt-fur-privatkunden\/\" target=\"_self\">Angebot anfordern<\/a><\/p>\n                    <\/div>\n    <\/div>\n<\/div>  \n\n<\/div><\/div>\n\n\n\n\n<div id=\"block-por-que-nosotros-block_0b7a2e54779b6c2bed4702be1cd499c4\" class=\"block-por-que-nosotros\">\n    <div class=\"wrap\">\n        <p class=\"title-sup\">Warum wir<\/p>\n        <h2>Solarenergieunternehmen auf <span class=\"brown\">Mallorca<\/span><\/h2>\n                    <div class=\"video-image\">\n                <p><iframe loading=\"lazy\" width=\"560\" height=\"315\" src=\"https:\/\/www.youtube.com\/embed\/VlyjwIr7ulA?si=Qvc3XWu7JXrtQIDH\" title=\"YouTube video player\" frameborder=\"0\" allow=\"accelerometer; autoplay; clipboard-write; encrypted-media; gyroscope; picture-in-picture; web-share\" referrerpolicy=\"strict-origin-when-cross-origin\" allowfullscreen rel=\"nofollow\"><\/iframe><\/p>\n            <\/div>\n                \n\n        <div class=\"grid-photos\">\n                                        <div class=\"item-photo-general item-photo-1\">\n                    <div class=\"photo\" style=\"background-image:url(https:\/\/www.solarta.com\/wp-content\/uploads\/2024\/12\/instalador-placas-solares-solarta-balear.png)\"><\/div>\n                <\/div>\n                                            <div class=\"item-photo-general item-photo-2\">\n                    <div class=\"photo\" style=\"background-image:url(https:\/\/www.solarta.com\/wp-content\/uploads\/2024\/12\/empresa-de-placas-solares-mallorca-1.png)\"><\/div>\n                <\/div>\n                                            <div class=\"item-photo-general item-photo-3\">\n                    <div class=\"photo\" style=\"background-image:url(https:\/\/www.solarta.com\/wp-content\/uploads\/2024\/12\/instaladores-de-placas-soalres-mallorca.png)\"><\/div>\n                <\/div>\n                                            <div class=\"item-photo-general item-photo-4\">\n                    <div class=\"photo\" style=\"background-image:url(https:\/\/www.solarta.com\/wp-content\/uploads\/2024\/12\/instaladores-placas-solares-mallorca-solarta.png)\"><\/div>\n                <\/div>\n                                            <div class=\"item-photo-general item-photo-5\">\n                    <div class=\"photo\" style=\"background-image:url(https:\/\/www.solarta.com\/wp-content\/uploads\/2024\/12\/empresa-placas-solares-en-mallorca.png)\"><\/div>\n                <\/div>\n                                    <\/div>\n\n    <\/div>\n<\/div>  \n\n\n\n\n\n<div id=\"block-por-que-elegirnos-block_a37ed105a04fad53514cd1ababdbee19\" class=\"block-por-que-elegirnos\">\n    <div class=\"wrap\">\n        <div class=\"contro-title wrap-small\">\n            <p class=\"title-sup\">Warum uns w\u00e4hlen<\/p>\n            <h2>Solarenergie mit <span class=\"brown\">Solarta Balear<\/span><\/h2>\n        <\/div>\n        <div class=\"list-hitos\">\n                            <div class=\"single-item\">\n                                            <p class=\"small\">Solidit\u00e4t und Erfahrung<\/p>\n                                                                <p class=\"central\">+ 35 Jahre<\/p>\n                                    <\/div>\n                            <div class=\"single-item\">\n                                            <p class=\"small\">Ohne Subunternehmer<\/p>\n                                                                <p class=\"central\">Globale Verwaltung<\/p>\n                                    <\/div>\n                            <div class=\"single-item\">\n                                            <p class=\"small\">Wartung und Notf\u00e4lle<\/p>\n                                                                <p class=\"central\">Eigener SAT 365 Tage<\/p>\n                                    <\/div>\n                            <div class=\"single-item\">\n                                            <p class=\"small\">Management<\/p>\n                                                                <p class=\"central\">F\u00f6rderungen<\/p>\n                                    <\/div>\n                    <\/div>\n\n    <\/div>\n<\/div>  \n\n","protected":false},"excerpt":{"rendered":"<p>Erfahrung und Stabilit\u00e4t. Investieren Sie in Solarenergie mit SOLARTA BALEAR<\/p>\n","protected":false},"author":1,"featured_media":1607,"parent":0,"menu_order":0,"comment_status":"closed","ping_status":"open","template":"page-templates\/page-full-width.php","meta":{"_acf_changed":false,"_genesis_hide_title":false,"_genesis_hide_breadcrumbs":false,"_genesis_hide_singular_image":false,"_genesis_hide_footer_widgets":false,"_genesis_custom_body_class":"","_genesis_custom_post_class":"","_genesis_layout":"","footnotes":""},"class_list":{"0":"post-1906","1":"page","2":"type-page","3":"status-publish","4":"has-post-thumbnail","6":"entry"},"acf":[],"_links":{"self":[{"href":"https:\/\/www.solarta.com\/de\/wp-json\/wp\/v2\/pages\/1906","targetHints":{"allow":["GET"]}}],"collection":[{"href":"https:\/\/www.solarta.com\/de\/wp-json\/wp\/v2\/pages"}],"about":[{"href":"https:\/\/www.solarta.com\/de\/wp-json\/wp\/v2\/types\/page"}],"author":[{"embeddable":true,"href":"https:\/\/www.solarta.com\/de\/wp-json\/wp\/v2\/users\/1"}],"replies":[{"embeddable":true,"href":"https:\/\/www.solarta.com\/de\/wp-json\/wp\/v2\/comments?post=1906"}],"version-history":[{"count":16,"href":"https:\/\/www.solarta.com\/de\/wp-json\/wp\/v2\/pages\/1906\/revisions"}],"predecessor-version":[{"id":3624,"href":"https:\/\/www.solarta.com\/de\/wp-json\/wp\/v2\/pages\/1906\/revisions\/3624"}],"wp:featuredmedia":[{"embeddable":true,"href":"https:\/\/www.solarta.com\/de\/wp-json\/wp\/v2\/media\/1607"}],"wp:attachment":[{"href":"https:\/\/www.solarta.com\/de\/wp-json\/wp\/v2\/media?parent=1906"}],"curies":[{"name":"wp","href":"https:\/\/api.w.org\/{rel}","templated":true}]}}