{"id":2636,"date":"2024-09-17T11:53:56","date_gmt":"2024-09-17T09:53:56","guid":{"rendered":"https:\/\/www.solarta.com\/energia-solar-sistemas-aislados-mallorca\/"},"modified":"2025-02-04T11:51:47","modified_gmt":"2025-02-04T10:51:47","slug":"energia-solar-sistemes-aillats-mallorca","status":"publish","type":"page","link":"https:\/\/www.solarta.com\/ca\/energia-solar-sistemes-aillats-mallorca\/","title":{"rendered":"Energ\u00eda solar. Sistemas aislados CA"},"content":{"rendered":"\n<div class=\"wp-block-group energia-solar-banner-ppal\"><div class=\"wp-block-group__inner-container is-layout-constrained wp-block-group-is-layout-constrained\">\n<div class=\"control-bg-banner-ppal\">\n    <div id=\"block-banner-full-screen-block_0577bc77e5e4de224bcc97a810293f89\" class=\"block-banner-full-screen service-banner\">\n                    <div class=\"image-bg\" style=\"background-image:url(https:\/\/www.solarta.com\/wp-content\/uploads\/2024\/11\/energia-solar-scaled.jpg);\">\n                                <div class=\"left-control\">\n                <div class=\"left-content\">\n                    <h1>Energia solar. Sistemes a\u00efllats Mallorca<\/h1>\n                    <div class=\"text\">\n                        <p>Si cerques una total independ\u00e8ncia del sistema el\u00e8ctric p\u00fablic o est\u00e0s situat en zones remotes o a\u00efllades a Mallorca amb alts costos de connexi\u00f3 a la Xarxa, un sistema a\u00efllat d\u2019energia solar \u00e9s la teva soluci\u00f3. Solarta Balear \u00e9s l\u2019empresa de refer\u00e8ncia en la instal\u00b7laci\u00f3 d\u2019energia solar de sistemes a\u00efllats a Mallorca.<\/p>\n                    <\/div>\n                    <div class=\"button-container\">\n                                                        <a rel=\"nofollow\" class=\"button-yellow\" href=\"https:\/\/www.solarta.com\/ca\/contacte-particulars\/\" target=\"_self\">Sol\u00b7licitar pressupost<\/a>\n                                                                    <\/div>\n                <\/div>\n            <\/div>\n\n                    <\/div>\n            <\/div>\n<\/div>\n<\/div><\/div>\n\n\n\n<div class=\"wp-block-group line-blue line-blue-energia-solar\"><div class=\"wp-block-group__inner-container is-layout-constrained wp-block-group-is-layout-constrained\">\n<div class=\"wp-block-group custom-wrap-line\"><div class=\"wp-block-group__inner-container is-layout-constrained wp-block-group-is-layout-constrained\">\n<div class=\"wp-block-columns are-vertically-aligned-center is-not-stacked-on-mobile is-layout-flex wp-container-core-columns-is-layout-9d6595d7 wp-block-columns-is-layout-flex\">\n<div class=\"wp-block-column is-vertically-aligned-center is-layout-flow wp-block-column-is-layout-flow\" style=\"flex-basis:65px\">\n<figure class=\"wp-block-image size-full\"><img loading=\"lazy\" decoding=\"async\" width=\"160\" height=\"84\" src=\"https:\/\/solarta.com\/wp-content\/uploads\/2024\/11\/icon-instalador-placas-solares.png\" alt=\"\" class=\"wp-image-674\" title=\"\"><\/figure>\n<\/div>\n\n\n\n<div class=\"wp-block-column is-vertically-aligned-center is-layout-flow wp-block-column-is-layout-flow\" style=\"flex-basis:100%\">\n<p>Instal\u00b7lacions solars 100% aut\u00f2nomes. Independ\u00e8ncia TOTAL de la xarxa el\u00e8ctrica<\/p>\n<\/div>\n<\/div>\n<\/div><\/div>\n<\/div><\/div>\n\n\n\n<div class=\"wp-block-group control-bg-hitos-fotovolcaico\"><div class=\"wp-block-group__inner-container is-layout-constrained wp-block-group-is-layout-constrained\">\n\n<div id=\"block-solo-columnas-hitos-block_a33c8b31b7974f409f9f16f3c0ce4ead\" class=\"block-solo-columnas-hitos control-bg-radius\">\n    <div class=\"wrap\" style=\"background-image: url();\">\n        <div class=\"list-hitos\">\n                            <div class=\"single-item\">\n                                            <p class=\"small\">Pioners a <\/p>\n                                                                <p class=\"central\">Mallorca<\/p>\n                                                        <\/div>\n                            <div class=\"single-item\">\n                                            <p class=\"small\">Des de<\/p>\n                                                                <p class=\"central\">1.989<\/p>\n                                                        <\/div>\n                            <div class=\"single-item\">\n                                            <p class=\"small\">M\u00e9s de <\/p>\n                                                                <p class=\"central\">3.000<\/p>\n                                                                <p class=\"inferior\">instal\u00b7lacions<\/p>\n                                    <\/div>\n                            <div class=\"single-item\">\n                                            <p class=\"small\">Marques de prestigi<\/p>\n                                                                <p class=\"central\">Tecnologia avan\u00e7ada<\/p>\n                                                        <\/div>\n                    <\/div>\n    <\/div>\n<\/div>  \n\n<\/div><\/div>\n\n\n\n<div class=\"wp-block-group autoconsumo-fotovolcaico\"><div class=\"wp-block-group__inner-container is-layout-constrained wp-block-group-is-layout-constrained\">\n<div class=\"wp-block-group wrap-custom\"><div class=\"wp-block-group__inner-container is-layout-constrained wp-block-group-is-layout-constrained\">\n<div class=\"wp-block-columns are-vertically-aligned-center is-not-stacked-on-mobile control-columns is-layout-flex wp-container-core-columns-is-layout-9d6595d7 wp-block-columns-is-layout-flex\">\n<div class=\"wp-block-column is-vertically-aligned-center is-layout-flow wp-block-column-is-layout-flow\" style=\"flex-basis:60%\">\n<div class=\"wp-block-columns are-vertically-aligned-center is-not-stacked-on-mobile pretitulo is-layout-flex wp-container-core-columns-is-layout-9d6595d7 wp-block-columns-is-layout-flex\">\n<div class=\"wp-block-column is-vertically-aligned-center is-layout-flow wp-block-column-is-layout-flow\" style=\"flex-basis:40px\">\n<figure class=\"wp-block-image size-full\"><img loading=\"lazy\" decoding=\"async\" width=\"52\" height=\"29\" src=\"https:\/\/solarta.com\/wp-content\/uploads\/2024\/11\/panel-solar.png\" alt=\"\" class=\"wp-image-750\" title=\"\"><\/figure>\n<\/div>\n\n\n\n<div class=\"wp-block-column is-vertically-aligned-center is-layout-flow wp-block-column-is-layout-flow\" style=\"flex-basis:100%\">\n<p>Energia solar. Sistemes a\u00efllats<\/p>\n<\/div>\n<\/div>\n\n\n\n<h2 class=\"wp-block-heading\">Beneficis de les instal\u00b7lacions solars a\u00efllades a <strong>Mallorca<\/strong><\/h2>\n\n\n\n<div class=\"wp-block-buttons is-layout-flex wp-block-buttons-is-layout-flex\">\n<div class=\"wp-block-button button-yellow-gut\"><a class=\"wp-block-button__link wp-element-button\" href=\"https:\/\/www.solarta.com\/ca\/contacte-particulars\/\" rel=\"nofollow\">Sol\u00b7licitar pressupost<\/a><\/div>\n<\/div>\n<\/div>\n\n\n\n<div class=\"wp-block-column is-vertically-aligned-center column-right is-layout-flow wp-block-column-is-layout-flow\">\n<figure class=\"wp-block-image size-full\"><img loading=\"lazy\" decoding=\"async\" width=\"1058\" height=\"926\" src=\"https:\/\/solarta.com\/wp-content\/uploads\/2024\/11\/apuesta-energia-solar-sistemas-aislados-mallorca.png\" alt=\"\" class=\"wp-image-751\" title=\"\" srcset=\"https:\/\/www.solarta.com\/wp-content\/uploads\/2024\/11\/apuesta-energia-solar-sistemas-aislados-mallorca.png 1058w, https:\/\/www.solarta.com\/wp-content\/uploads\/2024\/11\/apuesta-energia-solar-sistemas-aislados-mallorca-300x263.png 300w, https:\/\/www.solarta.com\/wp-content\/uploads\/2024\/11\/apuesta-energia-solar-sistemas-aislados-mallorca-1024x896.png 1024w, https:\/\/www.solarta.com\/wp-content\/uploads\/2024\/11\/apuesta-energia-solar-sistemas-aislados-mallorca-768x672.png 768w\" sizes=\"auto, (max-width: 1058px) 100vw, 1058px\" \/><\/figure>\n<\/div>\n<\/div>\n<\/div><\/div>\n<\/div><\/div>\n\n\n\n<div class=\"wp-block-group card-section\"><div class=\"wp-block-group__inner-container is-layout-constrained wp-block-group-is-layout-constrained\">\n<div class=\"wp-block-group wrap\"><div class=\"wp-block-group__inner-container is-layout-constrained wp-block-group-is-layout-constrained\">\n<div class=\"wp-block-columns is-not-stacked-on-mobile control-column-cards is-layout-flex wp-container-core-columns-is-layout-9d6595d7 wp-block-columns-is-layout-flex\">\n<div class=\"wp-block-column column-2 is-layout-flow wp-block-column-is-layout-flow\" style=\"flex-basis:26%\">\n<div class=\"wp-block-group card-content\"><div class=\"wp-block-group__inner-container is-layout-constrained wp-block-group-is-layout-constrained\">\n<figure class=\"wp-block-image size-full icon-card\"><img loading=\"lazy\" decoding=\"async\" width=\"182\" height=\"182\" src=\"https:\/\/solarta.com\/wp-content\/uploads\/2024\/11\/independencia-energetica.png\" alt=\"\" class=\"wp-image-755\" title=\"\" srcset=\"https:\/\/www.solarta.com\/wp-content\/uploads\/2024\/11\/independencia-energetica.png 182w, https:\/\/www.solarta.com\/wp-content\/uploads\/2024\/11\/independencia-energetica-150x150.png 150w, https:\/\/www.solarta.com\/wp-content\/uploads\/2024\/11\/independencia-energetica-75x75.png 75w\" sizes=\"auto, (max-width: 182px) 100vw, 182px\" \/><\/figure>\n\n\n\n<h3 class=\"wp-block-heading\">Independ\u00e8ncia energ\u00e8tica. Instal\u00b7lacions solars a\u00efllades<\/h3>\n\n\n\n<p>Electrifica la teva llar o empresa a les Illes Balears de manera 100% aut\u00f2noma, assolint la independ\u00e8ncia TOTAL de la xarxa el\u00e8ctrica. Instal\u00b7la plaques solars fotovoltaiques i genera la teva pr\u00f2pia energia renovable.&nbsp;<\/p>\n\n\n\n<p>Opta per un sistema solar a\u00efllat 100% aut\u00f2nom, eficient i sostenible per a la teva llar o empresa.<\/p>\n<\/div><\/div>\n<\/div>\n\n\n\n<div class=\"wp-block-column column-1 is-layout-flow wp-block-column-is-layout-flow\">\n<div class=\"wp-block-group card-content\"><div class=\"wp-block-group__inner-container is-layout-constrained wp-block-group-is-layout-constrained\">\n<figure class=\"wp-block-image size-full icon-card\"><img loading=\"lazy\" decoding=\"async\" width=\"182\" height=\"182\" src=\"https:\/\/solarta.com\/wp-content\/uploads\/2024\/11\/sistema-energia-solar.png\" alt=\"\" class=\"wp-image-756\" title=\"\" srcset=\"https:\/\/www.solarta.com\/wp-content\/uploads\/2024\/11\/sistema-energia-solar.png 182w, https:\/\/www.solarta.com\/wp-content\/uploads\/2024\/11\/sistema-energia-solar-150x150.png 150w, https:\/\/www.solarta.com\/wp-content\/uploads\/2024\/11\/sistema-energia-solar-75x75.png 75w\" sizes=\"auto, (max-width: 182px) 100vw, 182px\" \/><\/figure>\n\n\n\n<h3 class=\"wp-block-heading\">Sistemes d\u2019energia solar rendibles i sostenibles<\/h3>\n\n\n\n<p>Cercar rendibilitat i preservar el planeta per a les futures generacions no s\u00f3n objectius contradictoris.&nbsp;<\/p>\n\n\n\n<p>Els sistemes fotovoltaics a\u00efllats produeixen electricitat amb fonts d\u2019energia renovables de manera m\u00e9s rendible que amb combustibles f\u00f2ssils, ja que l\u2019energia solar generada \u00e9s gratu\u00efta un cop s\u2019instal\u00b7len els panells fotovoltaics.&nbsp;<\/p>\n\n\n\n<p>A Mallorca, el retorn de la inversi\u00f3 \u00e9s r\u00e0pid, ja que la radiaci\u00f3 solar \u00e9s elevada i a les Illes Balears hi ha diversos incentius i subvencions per a la instal\u00b7laci\u00f3 de plaques solars.<\/p>\n<\/div><\/div>\n<\/div>\n\n\n\n<div class=\"wp-block-column column-3 is-layout-flow wp-block-column-is-layout-flow\" style=\"flex-basis:26%\">\n<div class=\"wp-block-group card-content\"><div class=\"wp-block-group__inner-container is-layout-constrained wp-block-group-is-layout-constrained\">\n<figure class=\"wp-block-image size-full icon-card\"><img loading=\"lazy\" decoding=\"async\" width=\"182\" height=\"182\" src=\"https:\/\/solarta.com\/wp-content\/uploads\/2024\/11\/energia-solar-necesidades.png\" alt=\"\" class=\"wp-image-757\" title=\"\" srcset=\"https:\/\/www.solarta.com\/wp-content\/uploads\/2024\/11\/energia-solar-necesidades.png 182w, https:\/\/www.solarta.com\/wp-content\/uploads\/2024\/11\/energia-solar-necesidades-150x150.png 150w, https:\/\/www.solarta.com\/wp-content\/uploads\/2024\/11\/energia-solar-necesidades-75x75.png 75w\" sizes=\"auto, (max-width: 182px) 100vw, 182px\" \/><\/figure>\n\n\n\n<h3 class=\"wp-block-heading\">Energia solar adaptada a les teves necessitats<\/h3>\n\n\n\n<p>En el disseny dels sistemes d\u2019energia solar a\u00efllats, Solarta s\u2019adapta a les teves necessitats de consum. Generem el confort adequat a les teves necessitats instal\u00b7lant el nombre adequat de panells solars, ja sigui per a un consum m\u00ednim o per a aplicacions avan\u00e7ades com calefacci\u00f3, aigua calenta o climatitzaci\u00f3, etc. Instal\u00b7lem sistemes fiables prioritzant la garantia del subministrament el\u00e8ctric.&nbsp;<\/p>\n\n\n\n<p>Solarta Balear \u00e9s al teu costat durant tota la vida de la instal\u00b7laci\u00f3 amb un servei de manteniment i un servei d&#8217;urg\u00e8ncies 365 dies a l&#8217;any.<\/p>\n<\/div><\/div>\n<\/div>\n<\/div>\n<\/div><\/div>\n<\/div><\/div>\n\n\n\n            <div id=\"block-banner-dual-block_0a3852dd3881d28cbe43910be82eaf9e\" class=\"block-banner-dual\">\n                <div class=\"control-banners\">\n                    <div class=\"banner-general banner-1\" style=\"background-image: url(https:\/\/www.solarta.com\/wp-content\/uploads\/2025\/01\/energia-solar-sistemas-aislados-mallorca-testimonio1.jpg);\">\n                        <div class=\"control-texto\">\n                            <p>\u201cMoltes gr\u00e0cies pel vostre treball en el nostre nom i tamb\u00e9 a tots a Solarta per la brillant instal\u00b7laci\u00f3\u201d CH.H.<\/p>\n                        <\/div>\n                    <\/div>\n                    <div class=\"banner-general banner-2\" style=\"background-image: url(https:\/\/www.solarta.com\/wp-content\/uploads\/2025\/01\/energia-solar-sistemas-aislados-mallorca-testimonio2.jpg);\">\n                        <div class=\"control-texto\">\n                            <p>\u201cVull aprofitar aquesta ocasi\u00f3 per donar-vos les gr\u00e0cies una vegada m\u00e9s per haver gestionat tan r\u00e0pidament la reparaci\u00f3 del defecte del nostre sistema solar\u201d B.F.<\/p>\n                        <\/div>\n                    <\/div>\n                <\/div>\n            <\/div>\n            \n\n\n\n\n\n<div class=\"wp-block-group autoconsumo-fotovolcaico control-espacio-interno\"><div class=\"wp-block-group__inner-container is-layout-constrained wp-block-group-is-layout-constrained\">\n<div class=\"wp-block-group wrap-custom\"><div class=\"wp-block-group__inner-container is-layout-constrained wp-block-group-is-layout-constrained\">\n<div class=\"wp-block-columns are-vertically-aligned-center is-not-stacked-on-mobile control-columns is-layout-flex wp-container-core-columns-is-layout-9d6595d7 wp-block-columns-is-layout-flex\">\n<div class=\"wp-block-column is-vertically-aligned-center is-layout-flow wp-block-column-is-layout-flow\" style=\"flex-basis:60%\">\n<div class=\"wp-block-columns are-vertically-aligned-center is-not-stacked-on-mobile pretitulo is-layout-flex wp-container-core-columns-is-layout-9d6595d7 wp-block-columns-is-layout-flex\">\n<div class=\"wp-block-column is-vertically-aligned-center is-layout-flow wp-block-column-is-layout-flow\" style=\"flex-basis:40px\">\n<figure class=\"wp-block-image size-full\"><img loading=\"lazy\" decoding=\"async\" width=\"52\" height=\"29\" src=\"https:\/\/solarta.com\/wp-content\/uploads\/2024\/11\/panel-solar.png\" alt=\"\" class=\"wp-image-750\" title=\"\"><\/figure>\n<\/div>\n\n\n\n<div class=\"wp-block-column is-vertically-aligned-center is-layout-flow wp-block-column-is-layout-flow\" style=\"flex-basis:100%\">\n<p>Energia solar. Sistemes a\u00efllats<\/p>\n<\/div>\n<\/div>\n\n\n\n<h2 class=\"wp-block-heading\">Aposta per l\u2019energia solar amb Solarta Balear. La nostra experi\u00e8ncia al teu <strong>servei<\/strong><\/h2>\n\n\n\n<div class=\"wp-block-buttons is-layout-flex wp-block-buttons-is-layout-flex\">\n<div class=\"wp-block-button button-yellow-gut\"><a class=\"wp-block-button__link wp-element-button\" href=\"https:\/\/www.solarta.com\/ca\/contacte-particulars\/\" rel=\"nofollow\">Sol\u00b7licitar pressupost<\/a><\/div>\n<\/div>\n<\/div>\n\n\n\n<div class=\"wp-block-column is-vertically-aligned-center column-right is-layout-flow wp-block-column-is-layout-flow\">\n<figure class=\"wp-block-image size-full\"><img loading=\"lazy\" decoding=\"async\" width=\"1058\" height=\"935\" src=\"https:\/\/solarta.com\/wp-content\/uploads\/2024\/11\/solarta-balear.png\" alt=\"\" class=\"wp-image-571\" title=\"\" srcset=\"https:\/\/www.solarta.com\/wp-content\/uploads\/2024\/11\/solarta-balear.png 1058w, https:\/\/www.solarta.com\/wp-content\/uploads\/2024\/11\/solarta-balear-300x265.png 300w, https:\/\/www.solarta.com\/wp-content\/uploads\/2024\/11\/solarta-balear-1024x905.png 1024w, https:\/\/www.solarta.com\/wp-content\/uploads\/2024\/11\/solarta-balear-768x679.png 768w\" sizes=\"auto, (max-width: 1058px) 100vw, 1058px\" \/><\/figure>\n<\/div>\n<\/div>\n<\/div><\/div>\n<\/div><\/div>\n\n\n\n<div class=\"wp-block-group razones\"><div class=\"wp-block-group__inner-container is-layout-constrained wp-block-group-is-layout-constrained\">\n<div class=\"wp-block-group wrap\"><div class=\"wp-block-group__inner-container is-layout-constrained wp-block-group-is-layout-constrained\">\n<style type=\"text\/css\">\n                #check-block_136ee5733b7ba7ff874d0bbde692926f-1:checked ~ .wrap label.check-block_136ee5733b7ba7ff874d0bbde692926f-1{\n            color: var(--color-brown);\n            border-bottom: 1px solid var(--color-brown);\n        }\n        #check-block_136ee5733b7ba7ff874d0bbde692926f-1:checked ~ .wrap label.check-block_136ee5733b7ba7ff874d0bbde692926f-1 .number span{\n            border-right: 1px solid var(--color-brown);\n        }\n        #check-block_136ee5733b7ba7ff874d0bbde692926f-1:checked ~ .wrap .right-column .texto-block_136ee5733b7ba7ff874d0bbde692926f-1{\n            display: block;\n        }\n\n        #check-block_136ee5733b7ba7ff874d0bbde692926f-1:checked ~ .wrap .texto-block_136ee5733b7ba7ff874d0bbde692926f-1{\n            max-height: 2000px;\n        }\n\n        @media only screen and (max-width:575px) {\n            #check-block_136ee5733b7ba7ff874d0bbde692926f-1:checked ~ .wrap label.check-block_136ee5733b7ba7ff874d0bbde692926f-1 .number span{\n                border-right: 0;\n                border-bottom: 1px solid var(--color-brown);\n            }\n        }\n\n                    #check-block_136ee5733b7ba7ff874d0bbde692926f-2:checked ~ .wrap label.check-block_136ee5733b7ba7ff874d0bbde692926f-2{\n            color: var(--color-brown);\n            border-bottom: 1px solid var(--color-brown);\n        }\n        #check-block_136ee5733b7ba7ff874d0bbde692926f-2:checked ~ .wrap label.check-block_136ee5733b7ba7ff874d0bbde692926f-2 .number span{\n            border-right: 1px solid var(--color-brown);\n        }\n        #check-block_136ee5733b7ba7ff874d0bbde692926f-2:checked ~ .wrap .right-column .texto-block_136ee5733b7ba7ff874d0bbde692926f-2{\n            display: block;\n        }\n\n        #check-block_136ee5733b7ba7ff874d0bbde692926f-2:checked ~ .wrap .texto-block_136ee5733b7ba7ff874d0bbde692926f-2{\n            max-height: 2000px;\n        }\n\n        @media only screen and (max-width:575px) {\n            #check-block_136ee5733b7ba7ff874d0bbde692926f-2:checked ~ .wrap label.check-block_136ee5733b7ba7ff874d0bbde692926f-2 .number span{\n                border-right: 0;\n                border-bottom: 1px solid var(--color-brown);\n            }\n        }\n\n             \n<\/style>\n\n\n<div id=\"block-acordeones-especiales-block_136ee5733b7ba7ff874d0bbde692926f\" class=\"block-acordeones-especiales\">\n                            <input type=\"radio\" name=\"block_136ee5733b7ba7ff874d0bbde692926f\" id=\"check-block_136ee5733b7ba7ff874d0bbde692926f-1\" style=\"display: none;\" checked>\n                \n                                <input type=\"radio\" name=\"block_136ee5733b7ba7ff874d0bbde692926f\" id=\"check-block_136ee5733b7ba7ff874d0bbde692926f-2\" style=\"display: none;\">\n                \n            \n\n    <div class=\"wrap\">\n       \n        <div class=\"control-grid\">\n            <div class=\"left-column\">\n                                                    <div class=\"single-acordeon\"> \n                        <label class=\"accordeon-title check-block_136ee5733b7ba7ff874d0bbde692926f-1\" for=\"check-block_136ee5733b7ba7ff874d0bbde692926f-1\">\n                            <div class=\"number\"><span>01<\/span><\/div>\n                            <h3>Experi\u00e8ncia i coher\u00e8ncia. Empresa instal\u00b7ladora d\u2019energia solar<\/h3>\n                            <div class=\"arrow\">\n                                <i class=\"fa-solid fa-circle-chevron-right\"><\/i>\n                            <\/div>\n                        <\/label>\n\n                        <div class=\"mobile-accordion-text mobile-accordion-text texto-block_136ee5733b7ba7ff874d0bbde692926f-1\">\n                            <div class=\"control\">\n                                <p class=\"PlaygroundEditorTheme__paragraph\" dir=\"ltr\">M\u00e9s de 35 anys d\u2019experi\u00e8ncia en instal\u00b7lacions de panells solars ens avalen, principalment en el sector de sistemes d\u2019energia solar a\u00efllats, ja que aix\u00ed \u00e9s com vam comen\u00e7ar. A Solarta Balear dissenyem i instal\u00b7lem sistemes a\u00efllats fiables, prioritzant la garantia del subministrament el\u00e8ctric.<\/p>\n<p class=\"PlaygroundEditorTheme__paragraph\" dir=\"ltr\">La nostra pr\u00f2pia seu, ubicada al pol\u00edgon industrial d\u2019Art\u00e0, ha estat dissenyada amb criteris de sostenibilitat. \u00c9s un edifici 100% aut\u00f2nom energ\u00e8ticament desconnectat de la xarxa el\u00e8ctrica. Generem la nostra energia amb fonts renovables: energia solar, <a href=\"https:\/\/www.solarta.com\/ca\/installadors-d-aerotermia-mallorca\/\">aerot\u00e8rmia<\/a> i energia e\u00f2lica.<\/p>\n<p class=\"PlaygroundEditorTheme__paragraph\" dir=\"ltr\">T&#8217;expliquem com gestionem la producci\u00f3 energ\u00e8tica a les nostres instal\u00b7lacions d\u2019energia renovable.<\/p>\n                            <\/div>\n                        <\/div>\n\n                    <\/div>\n                                                        <div class=\"single-acordeon\"> \n                        <label class=\"accordeon-title check-block_136ee5733b7ba7ff874d0bbde692926f-2\" for=\"check-block_136ee5733b7ba7ff874d0bbde692926f-2\">\n                            <div class=\"number\"><span>02<\/span><\/div>\n                            <h3>Confia en Solarta Balear<\/h3>\n                            <div class=\"arrow\">\n                                <i class=\"fa-solid fa-circle-chevron-right\"><\/i>\n                            <\/div>\n                        <\/label>\n\n                        <div class=\"mobile-accordion-text mobile-accordion-text texto-block_136ee5733b7ba7ff874d0bbde692926f-2\">\n                            <div class=\"control\">\n                                <p class=\"PlaygroundEditorTheme__paragraph\" dir=\"ltr\">Visita la nostra seu al parc empresarial d\u2019Art\u00e0 (Mallorca), et mostrarem els nostres equips, panells solars fotovoltaics, aerogeneradors, sistemes de calefacci\u00f3 i refrigeraci\u00f3 amb aerot\u00e8rmia i molt m\u00e9s.<\/p>\n<p class=\"PlaygroundEditorTheme__paragraph\" dir=\"ltr\">Contacta amb nosaltres i el nostre equip et proporcionar\u00e0 la soluci\u00f3 energ\u00e8tica m\u00e9s adequada!<\/p>\n                            <\/div>\n                        <\/div>\n\n                    <\/div>\n                                                <\/div>\n            <div class=\"right-column\">\n                                                    <div class=\"texto texto-block_136ee5733b7ba7ff874d0bbde692926f-1\">\n                        <div class=\"control\">\n                            <div class=\"number\">\n                                <span>01<\/span>\n                            <\/div>\n                            <p class=\"PlaygroundEditorTheme__paragraph\" dir=\"ltr\">M\u00e9s de 35 anys d\u2019experi\u00e8ncia en instal\u00b7lacions de panells solars ens avalen, principalment en el sector de sistemes d\u2019energia solar a\u00efllats, ja que aix\u00ed \u00e9s com vam comen\u00e7ar. A Solarta Balear dissenyem i instal\u00b7lem sistemes a\u00efllats fiables, prioritzant la garantia del subministrament el\u00e8ctric.<\/p>\n<p class=\"PlaygroundEditorTheme__paragraph\" dir=\"ltr\">La nostra pr\u00f2pia seu, ubicada al pol\u00edgon industrial d\u2019Art\u00e0, ha estat dissenyada amb criteris de sostenibilitat. \u00c9s un edifici 100% aut\u00f2nom energ\u00e8ticament desconnectat de la xarxa el\u00e8ctrica. Generem la nostra energia amb fonts renovables: energia solar, <a href=\"https:\/\/www.solarta.com\/ca\/installadors-d-aerotermia-mallorca\/\">aerot\u00e8rmia<\/a> i energia e\u00f2lica.<\/p>\n<p class=\"PlaygroundEditorTheme__paragraph\" dir=\"ltr\">T&#8217;expliquem com gestionem la producci\u00f3 energ\u00e8tica a les nostres instal\u00b7lacions d\u2019energia renovable.<\/p>\n                                                    <\/div>\n                    <\/div>\n                                    <div class=\"texto texto-block_136ee5733b7ba7ff874d0bbde692926f-2\">\n                        <div class=\"control\">\n                            <div class=\"number\">\n                                <span>02<\/span>\n                            <\/div>\n                            <p class=\"PlaygroundEditorTheme__paragraph\" dir=\"ltr\">Visita la nostra seu al parc empresarial d\u2019Art\u00e0 (Mallorca), et mostrarem els nostres equips, panells solars fotovoltaics, aerogeneradors, sistemes de calefacci\u00f3 i refrigeraci\u00f3 amb aerot\u00e8rmia i molt m\u00e9s.<\/p>\n<p class=\"PlaygroundEditorTheme__paragraph\" dir=\"ltr\">Contacta amb nosaltres i el nostre equip et proporcionar\u00e0 la soluci\u00f3 energ\u00e8tica m\u00e9s adequada!<\/p>\n                                                    <\/div>\n                    <\/div>\n                            <\/div>\n\n        <\/div>\n        \n    <\/div>\n<\/div>\n\n\n\n\n                    \n\n\n<div style=\"height:100px\" aria-hidden=\"true\" class=\"wp-block-spacer\"><\/div>\n\n\n\n<style type=\"text\/css\">\n                #check-block_ad1b1b92f4510484dc35207bf39d4559-3:checked ~ .wrap label.check-block_ad1b1b92f4510484dc35207bf39d4559-3{\n            color: var(--color-brown);\n            border-bottom: 1px solid var(--color-brown);\n        }\n        #check-block_ad1b1b92f4510484dc35207bf39d4559-3:checked ~ .wrap label.check-block_ad1b1b92f4510484dc35207bf39d4559-3 .number span{\n            border-right: 1px solid var(--color-brown);\n        }\n        #check-block_ad1b1b92f4510484dc35207bf39d4559-3:checked ~ .wrap .right-column .texto-block_ad1b1b92f4510484dc35207bf39d4559-3{\n            display: block;\n        }\n\n        #check-block_ad1b1b92f4510484dc35207bf39d4559-3:checked ~ .wrap .texto-block_ad1b1b92f4510484dc35207bf39d4559-3{\n            max-height: 2000px;\n        }\n\n        @media only screen and (max-width:575px) {\n            #check-block_ad1b1b92f4510484dc35207bf39d4559-3:checked ~ .wrap label.check-block_ad1b1b92f4510484dc35207bf39d4559-3 .number span{\n                border-right: 0;\n                border-bottom: 1px solid var(--color-brown);\n            }\n        }\n\n                    #check-block_ad1b1b92f4510484dc35207bf39d4559-4:checked ~ .wrap label.check-block_ad1b1b92f4510484dc35207bf39d4559-4{\n            color: var(--color-brown);\n            border-bottom: 1px solid var(--color-brown);\n        }\n        #check-block_ad1b1b92f4510484dc35207bf39d4559-4:checked ~ .wrap label.check-block_ad1b1b92f4510484dc35207bf39d4559-4 .number span{\n            border-right: 1px solid var(--color-brown);\n        }\n        #check-block_ad1b1b92f4510484dc35207bf39d4559-4:checked ~ .wrap .right-column .texto-block_ad1b1b92f4510484dc35207bf39d4559-4{\n            display: block;\n        }\n\n        #check-block_ad1b1b92f4510484dc35207bf39d4559-4:checked ~ .wrap .texto-block_ad1b1b92f4510484dc35207bf39d4559-4{\n            max-height: 2000px;\n        }\n\n        @media only screen and (max-width:575px) {\n            #check-block_ad1b1b92f4510484dc35207bf39d4559-4:checked ~ .wrap label.check-block_ad1b1b92f4510484dc35207bf39d4559-4 .number span{\n                border-right: 0;\n                border-bottom: 1px solid var(--color-brown);\n            }\n        }\n\n                    #check-block_ad1b1b92f4510484dc35207bf39d4559-5:checked ~ .wrap label.check-block_ad1b1b92f4510484dc35207bf39d4559-5{\n            color: var(--color-brown);\n            border-bottom: 1px solid var(--color-brown);\n        }\n        #check-block_ad1b1b92f4510484dc35207bf39d4559-5:checked ~ .wrap label.check-block_ad1b1b92f4510484dc35207bf39d4559-5 .number span{\n            border-right: 1px solid var(--color-brown);\n        }\n        #check-block_ad1b1b92f4510484dc35207bf39d4559-5:checked ~ .wrap .right-column .texto-block_ad1b1b92f4510484dc35207bf39d4559-5{\n            display: block;\n        }\n\n        #check-block_ad1b1b92f4510484dc35207bf39d4559-5:checked ~ .wrap .texto-block_ad1b1b92f4510484dc35207bf39d4559-5{\n            max-height: 2000px;\n        }\n\n        @media only screen and (max-width:575px) {\n            #check-block_ad1b1b92f4510484dc35207bf39d4559-5:checked ~ .wrap label.check-block_ad1b1b92f4510484dc35207bf39d4559-5 .number span{\n                border-right: 0;\n                border-bottom: 1px solid var(--color-brown);\n            }\n        }\n\n             \n<\/style>\n\n\n<div id=\"block-acordeones-especiales-block_ad1b1b92f4510484dc35207bf39d4559\" class=\"block-acordeones-especiales\">\n                            <input type=\"radio\" name=\"block_ad1b1b92f4510484dc35207bf39d4559\" id=\"check-block_ad1b1b92f4510484dc35207bf39d4559-3\" style=\"display: none;\" checked>\n                \n                                <input type=\"radio\" name=\"block_ad1b1b92f4510484dc35207bf39d4559\" id=\"check-block_ad1b1b92f4510484dc35207bf39d4559-4\" style=\"display: none;\">\n                \n                                <input type=\"radio\" name=\"block_ad1b1b92f4510484dc35207bf39d4559\" id=\"check-block_ad1b1b92f4510484dc35207bf39d4559-5\" style=\"display: none;\">\n                \n            \n\n    <div class=\"wrap\">\n       \n        <div class=\"control-grid\">\n            <div class=\"left-column\">\n                                                    <div class=\"single-acordeon\"> \n                        <label class=\"accordeon-title check-block_ad1b1b92f4510484dc35207bf39d4559-3\" for=\"check-block_ad1b1b92f4510484dc35207bf39d4559-3\">\n                            <div class=\"number\"><span>03<\/span><\/div>\n                            <h3>M\u00e9s de 3.000 instal\u00b7lacions fotovoltaiques realitzades a Mallorca<\/h3>\n                            <div class=\"arrow\">\n                                <i class=\"fa-solid fa-circle-chevron-right\"><\/i>\n                            <\/div>\n                        <\/label>\n\n                        <div class=\"mobile-accordion-text mobile-accordion-text texto-block_ad1b1b92f4510484dc35207bf39d4559-3\">\n                            <div class=\"control\">\n                                <p>Des de la fundaci\u00f3 de Solarta l&#8217;any 1989, s\u2019han realitzat m\u00e9s de 3.000 instal\u00b7lacions d\u2019energia solar a Mallorca. Experts en la instal\u00b7laci\u00f3 de panells d\u2019energia solar connectats o desconnectats de la xarxa el\u00e8ctrica. Els nostres sistemes s&#8217;adapten a les diferents tipologies de consum: habitatges unifamiliars, pisos, cases de vacances, cases de lloguer, agroturismes, hotels, naus industrials, escoles, aparcaments, comunitats, etc.<\/p>\n                            <\/div>\n                        <\/div>\n\n                    <\/div>\n                                                        <div class=\"single-acordeon\"> \n                        <label class=\"accordeon-title check-block_ad1b1b92f4510484dc35207bf39d4559-4\" for=\"check-block_ad1b1b92f4510484dc35207bf39d4559-4\">\n                            <div class=\"number\"><span>04<\/span><\/div>\n                            <h3>Servei d&#8217;Assist\u00e8ncia T\u00e8cnica. Manteniment amb t\u00e8cnics propis<\/h3>\n                            <div class=\"arrow\">\n                                <i class=\"fa-solid fa-circle-chevron-right\"><\/i>\n                            <\/div>\n                        <\/label>\n\n                        <div class=\"mobile-accordion-text mobile-accordion-text texto-block_ad1b1b92f4510484dc35207bf39d4559-4\">\n                            <div class=\"control\">\n                                <p class=\"PlaygroundEditorTheme__paragraph\" dir=\"ltr\">Assist\u00e8ncia abans, durant i despr\u00e9s de la teva instal\u00b7laci\u00f3 solar fotovoltaica.<\/p>\n<p class=\"PlaygroundEditorTheme__paragraph\" dir=\"ltr\">Millora el funcionament de la teva instal\u00b7laci\u00f3 solar a Mallorca i evita futures avaries amb el nostre servei de manteniment. Amb inspeccions regulars aconseguir\u00e0s una major efici\u00e8ncia en el funcionament del sistema i, sobretot, evitar\u00e0s possibles avaries en el futur.<\/p>\n<p class=\"PlaygroundEditorTheme__paragraph\" dir=\"ltr\">Si alguna cosa falla&#8230; Qui hi \u00e9s? Oferim un servei d\u2019assist\u00e8ncia t\u00e8cnica 365 dies a l&#8217;any, fins i tot en caps de setmana o dies festius, per a casos d\u2019emerg\u00e8ncia.<\/p>\n<p class=\"PlaygroundEditorTheme__paragraph\" dir=\"ltr\">Solarta Balear t&#8217;ofereix diverses solucions addicionals que completen el nostre servei 360\u00b0. Consulta&#8217;ns sense comprom\u00eds!<\/p>\n                            <\/div>\n                        <\/div>\n\n                    <\/div>\n                                                        <div class=\"single-acordeon\"> \n                        <label class=\"accordeon-title check-block_ad1b1b92f4510484dc35207bf39d4559-5\" for=\"check-block_ad1b1b92f4510484dc35207bf39d4559-5\">\n                            <div class=\"number\"><span>05<\/span><\/div>\n                            <h3>Sistemes a mida. Instal\u00b7lacions residencials, empresarials<\/h3>\n                            <div class=\"arrow\">\n                                <i class=\"fa-solid fa-circle-chevron-right\"><\/i>\n                            <\/div>\n                        <\/label>\n\n                        <div class=\"mobile-accordion-text mobile-accordion-text texto-block_ad1b1b92f4510484dc35207bf39d4559-5\">\n                            <div class=\"control\">\n                                <p class=\"PlaygroundEditorTheme__paragraph\" dir=\"ltr\">Vols comen\u00e7ar \u00aba poc a poc\u00bb? O no est\u00e0s segur de quins consums tindr\u00e0s a llarg termini? No et preocupis, generem energia a la teva mida. Creem conceptes de manera modular i podr\u00e0s ampliar la teva instal\u00b7laci\u00f3 de panells solars quan ho necessitis.<\/p>\n<p class=\"PlaygroundEditorTheme__paragraph\" dir=\"ltr\">A Solarta Balear dissenyem un sistema solar personalitzat i flexible, basant-nos en l&#8217;an\u00e0lisi de les teves necessitats. Tenim present que el nivell de confort dep\u00e8n del subministrament el\u00e8ctric, que \u00e9s indispensable per al funcionament de la nostra vida di\u00e0ria.<\/p>\n                            <\/div>\n                        <\/div>\n\n                    <\/div>\n                                                <\/div>\n            <div class=\"right-column\">\n                                                    <div class=\"texto texto-block_ad1b1b92f4510484dc35207bf39d4559-3\">\n                        <div class=\"control\">\n                            <div class=\"number\">\n                                <span>03<\/span>\n                            <\/div>\n                            <p>Des de la fundaci\u00f3 de Solarta l&#8217;any 1989, s\u2019han realitzat m\u00e9s de 3.000 instal\u00b7lacions d\u2019energia solar a Mallorca. Experts en la instal\u00b7laci\u00f3 de panells d\u2019energia solar connectats o desconnectats de la xarxa el\u00e8ctrica. Els nostres sistemes s&#8217;adapten a les diferents tipologies de consum: habitatges unifamiliars, pisos, cases de vacances, cases de lloguer, agroturismes, hotels, naus industrials, escoles, aparcaments, comunitats, etc.<\/p>\n                                                    <\/div>\n                    <\/div>\n                                    <div class=\"texto texto-block_ad1b1b92f4510484dc35207bf39d4559-4\">\n                        <div class=\"control\">\n                            <div class=\"number\">\n                                <span>04<\/span>\n                            <\/div>\n                            <p class=\"PlaygroundEditorTheme__paragraph\" dir=\"ltr\">Assist\u00e8ncia abans, durant i despr\u00e9s de la teva instal\u00b7laci\u00f3 solar fotovoltaica.<\/p>\n<p class=\"PlaygroundEditorTheme__paragraph\" dir=\"ltr\">Millora el funcionament de la teva instal\u00b7laci\u00f3 solar a Mallorca i evita futures avaries amb el nostre servei de manteniment. Amb inspeccions regulars aconseguir\u00e0s una major efici\u00e8ncia en el funcionament del sistema i, sobretot, evitar\u00e0s possibles avaries en el futur.<\/p>\n<p class=\"PlaygroundEditorTheme__paragraph\" dir=\"ltr\">Si alguna cosa falla&#8230; Qui hi \u00e9s? Oferim un servei d\u2019assist\u00e8ncia t\u00e8cnica 365 dies a l&#8217;any, fins i tot en caps de setmana o dies festius, per a casos d\u2019emerg\u00e8ncia.<\/p>\n<p class=\"PlaygroundEditorTheme__paragraph\" dir=\"ltr\">Solarta Balear t&#8217;ofereix diverses solucions addicionals que completen el nostre servei 360\u00b0. Consulta&#8217;ns sense comprom\u00eds!<\/p>\n                                                    <\/div>\n                    <\/div>\n                                    <div class=\"texto texto-block_ad1b1b92f4510484dc35207bf39d4559-5\">\n                        <div class=\"control\">\n                            <div class=\"number\">\n                                <span>05<\/span>\n                            <\/div>\n                            <p class=\"PlaygroundEditorTheme__paragraph\" dir=\"ltr\">Vols comen\u00e7ar \u00aba poc a poc\u00bb? O no est\u00e0s segur de quins consums tindr\u00e0s a llarg termini? No et preocupis, generem energia a la teva mida. Creem conceptes de manera modular i podr\u00e0s ampliar la teva instal\u00b7laci\u00f3 de panells solars quan ho necessitis.<\/p>\n<p class=\"PlaygroundEditorTheme__paragraph\" dir=\"ltr\">A Solarta Balear dissenyem un sistema solar personalitzat i flexible, basant-nos en l&#8217;an\u00e0lisi de les teves necessitats. Tenim present que el nivell de confort dep\u00e8n del subministrament el\u00e8ctric, que \u00e9s indispensable per al funcionament de la nostra vida di\u00e0ria.<\/p>\n                                                    <\/div>\n                    <\/div>\n                            <\/div>\n\n        <\/div>\n        \n    <\/div>\n<\/div>\n\n\n\n\n                    \n\n\n<div style=\"height:100px\" aria-hidden=\"true\" class=\"wp-block-spacer\"><\/div>\n\n\n\n<style type=\"text\/css\">\n                #check-block_4c3097994682b05f4c2bc37403e2d53e-6:checked ~ .wrap label.check-block_4c3097994682b05f4c2bc37403e2d53e-6{\n            color: var(--color-brown);\n            border-bottom: 1px solid var(--color-brown);\n        }\n        #check-block_4c3097994682b05f4c2bc37403e2d53e-6:checked ~ .wrap label.check-block_4c3097994682b05f4c2bc37403e2d53e-6 .number span{\n            border-right: 1px solid var(--color-brown);\n        }\n        #check-block_4c3097994682b05f4c2bc37403e2d53e-6:checked ~ .wrap .right-column .texto-block_4c3097994682b05f4c2bc37403e2d53e-6{\n            display: block;\n        }\n\n        #check-block_4c3097994682b05f4c2bc37403e2d53e-6:checked ~ .wrap .texto-block_4c3097994682b05f4c2bc37403e2d53e-6{\n            max-height: 2000px;\n        }\n\n        @media only screen and (max-width:575px) {\n            #check-block_4c3097994682b05f4c2bc37403e2d53e-6:checked ~ .wrap label.check-block_4c3097994682b05f4c2bc37403e2d53e-6 .number span{\n                border-right: 0;\n                border-bottom: 1px solid var(--color-brown);\n            }\n        }\n\n                    #check-block_4c3097994682b05f4c2bc37403e2d53e-7:checked ~ .wrap label.check-block_4c3097994682b05f4c2bc37403e2d53e-7{\n            color: var(--color-brown);\n            border-bottom: 1px solid var(--color-brown);\n        }\n        #check-block_4c3097994682b05f4c2bc37403e2d53e-7:checked ~ .wrap label.check-block_4c3097994682b05f4c2bc37403e2d53e-7 .number span{\n            border-right: 1px solid var(--color-brown);\n        }\n        #check-block_4c3097994682b05f4c2bc37403e2d53e-7:checked ~ .wrap .right-column .texto-block_4c3097994682b05f4c2bc37403e2d53e-7{\n            display: block;\n        }\n\n        #check-block_4c3097994682b05f4c2bc37403e2d53e-7:checked ~ .wrap .texto-block_4c3097994682b05f4c2bc37403e2d53e-7{\n            max-height: 2000px;\n        }\n\n        @media only screen and (max-width:575px) {\n            #check-block_4c3097994682b05f4c2bc37403e2d53e-7:checked ~ .wrap label.check-block_4c3097994682b05f4c2bc37403e2d53e-7 .number span{\n                border-right: 0;\n                border-bottom: 1px solid var(--color-brown);\n            }\n        }\n\n                    #check-block_4c3097994682b05f4c2bc37403e2d53e-8:checked ~ .wrap label.check-block_4c3097994682b05f4c2bc37403e2d53e-8{\n            color: var(--color-brown);\n            border-bottom: 1px solid var(--color-brown);\n        }\n        #check-block_4c3097994682b05f4c2bc37403e2d53e-8:checked ~ .wrap label.check-block_4c3097994682b05f4c2bc37403e2d53e-8 .number span{\n            border-right: 1px solid var(--color-brown);\n        }\n        #check-block_4c3097994682b05f4c2bc37403e2d53e-8:checked ~ .wrap .right-column .texto-block_4c3097994682b05f4c2bc37403e2d53e-8{\n            display: block;\n        }\n\n        #check-block_4c3097994682b05f4c2bc37403e2d53e-8:checked ~ .wrap .texto-block_4c3097994682b05f4c2bc37403e2d53e-8{\n            max-height: 2000px;\n        }\n\n        @media only screen and (max-width:575px) {\n            #check-block_4c3097994682b05f4c2bc37403e2d53e-8:checked ~ .wrap label.check-block_4c3097994682b05f4c2bc37403e2d53e-8 .number span{\n                border-right: 0;\n                border-bottom: 1px solid var(--color-brown);\n            }\n        }\n\n             \n<\/style>\n\n\n<div id=\"block-acordeones-especiales-block_4c3097994682b05f4c2bc37403e2d53e\" class=\"block-acordeones-especiales\">\n                            <input type=\"radio\" name=\"block_4c3097994682b05f4c2bc37403e2d53e\" id=\"check-block_4c3097994682b05f4c2bc37403e2d53e-6\" style=\"display: none;\" checked>\n                \n                                <input type=\"radio\" name=\"block_4c3097994682b05f4c2bc37403e2d53e\" id=\"check-block_4c3097994682b05f4c2bc37403e2d53e-7\" style=\"display: none;\">\n                \n                                <input type=\"radio\" name=\"block_4c3097994682b05f4c2bc37403e2d53e\" id=\"check-block_4c3097994682b05f4c2bc37403e2d53e-8\" style=\"display: none;\">\n                \n            \n\n    <div class=\"wrap\">\n       \n        <div class=\"control-grid\">\n            <div class=\"left-column\">\n                                                    <div class=\"single-acordeon\"> \n                        <label class=\"accordeon-title check-block_4c3097994682b05f4c2bc37403e2d53e-6\" for=\"check-block_4c3097994682b05f4c2bc37403e2d53e-6\">\n                            <div class=\"number\"><span>06<\/span><\/div>\n                            <h3>Instal\u00b7lacions fotovoltaiques clau en m\u00e0. Soluci\u00f3 360\u00b0<\/h3>\n                            <div class=\"arrow\">\n                                <i class=\"fa-solid fa-circle-chevron-right\"><\/i>\n                            <\/div>\n                        <\/label>\n\n                        <div class=\"mobile-accordion-text mobile-accordion-text texto-block_4c3097994682b05f4c2bc37403e2d53e-6\">\n                            <div class=\"control\">\n                                <p class=\"PlaygroundEditorTheme__paragraph\" dir=\"ltr\">A Solarta Balear, com a empresa instal\u00b7ladora, t&#8217;oferim un servei personalitzat global. Gaudeix dels avantatges de delegar en un \u00fanic prove\u00efdor la instal\u00b7laci\u00f3 del teu sistema. Oferim suport des de la realitzaci\u00f3 del concepte fins al servei postvenda.<\/p>\n<p class=\"PlaygroundEditorTheme__paragraph\" dir=\"ltr\">Disseny, c\u00e0lcul i dimensionament. Realitzem un estudi previ que optimitza el c\u00e0lcul en funci\u00f3 de les teves necessitats energ\u00e8tiques i econ\u00f2miques.<\/p>\n<p class=\"PlaygroundEditorTheme__paragraph\" dir=\"ltr\">Execuci\u00f3 i realitzaci\u00f3 dels projectes necessaris, tractament de la legalitzaci\u00f3 obligat\u00f2ria, execuci\u00f3 de la instal\u00b7laci\u00f3 i posada en marxa.<\/p>\n                            <\/div>\n                        <\/div>\n\n                    <\/div>\n                                                        <div class=\"single-acordeon\"> \n                        <label class=\"accordeon-title check-block_4c3097994682b05f4c2bc37403e2d53e-7\" for=\"check-block_4c3097994682b05f4c2bc37403e2d53e-7\">\n                            <div class=\"number\"><span>07<\/span><\/div>\n                            <h3>Soluci\u00f3 de gesti\u00f3 energ\u00e8tica intel\u00b7ligent<\/h3>\n                            <div class=\"arrow\">\n                                <i class=\"fa-solid fa-circle-chevron-right\"><\/i>\n                            <\/div>\n                        <\/label>\n\n                        <div class=\"mobile-accordion-text mobile-accordion-text texto-block_4c3097994682b05f4c2bc37403e2d53e-7\">\n                            <div class=\"control\">\n                                <p>Solarta Balear configura i instal\u00b7la sistemes de gesti\u00f3 intel\u00b7ligent dels teus consumidors. Desenvolupem conceptes senzills, intu\u00eftius i elegants. Aquestes solucions s\u00f3n capaces d&#8217;integrar el control de tots els components del teu sistema, des de la producci\u00f3 el\u00e8ctrica fins als consumidors com per exemple l&#8217;aire condicionat, la calefacci\u00f3, l\u2019aigua calenta o el carregador del cotxe.<\/p>\n                            <\/div>\n                        <\/div>\n\n                    <\/div>\n                                                        <div class=\"single-acordeon\"> \n                        <label class=\"accordeon-title check-block_4c3097994682b05f4c2bc37403e2d53e-8\" for=\"check-block_4c3097994682b05f4c2bc37403e2d53e-8\">\n                            <div class=\"number\"><span>08<\/span><\/div>\n                            <h3>Visualitzaci\u00f3 i monitoratge del sistema<\/h3>\n                            <div class=\"arrow\">\n                                <i class=\"fa-solid fa-circle-chevron-right\"><\/i>\n                            <\/div>\n                        <\/label>\n\n                        <div class=\"mobile-accordion-text mobile-accordion-text texto-block_4c3097994682b05f4c2bc37403e2d53e-8\">\n                            <div class=\"control\">\n                                <p>Tots els nostres sistemes ofereixen la possibilitat de visualitzar i monitoritzar els components principals, l&#8217;energia solar produ\u00efda, el consum el\u00e8ctric, etc. Amb l&#8217;automatitzaci\u00f3 d\u2019equips, sempre estar\u00e0s informat sobre l\u2019estat del teu sistema i es podran realitzar an\u00e0lisis f\u00e0cilment en cas d\u2019anomalies.<\/p>\n                            <\/div>\n                        <\/div>\n\n                    <\/div>\n                                                <\/div>\n            <div class=\"right-column\">\n                                                    <div class=\"texto texto-block_4c3097994682b05f4c2bc37403e2d53e-6\">\n                        <div class=\"control\">\n                            <div class=\"number\">\n                                <span>06<\/span>\n                            <\/div>\n                            <p class=\"PlaygroundEditorTheme__paragraph\" dir=\"ltr\">A Solarta Balear, com a empresa instal\u00b7ladora, t&#8217;oferim un servei personalitzat global. Gaudeix dels avantatges de delegar en un \u00fanic prove\u00efdor la instal\u00b7laci\u00f3 del teu sistema. Oferim suport des de la realitzaci\u00f3 del concepte fins al servei postvenda.<\/p>\n<p class=\"PlaygroundEditorTheme__paragraph\" dir=\"ltr\">Disseny, c\u00e0lcul i dimensionament. Realitzem un estudi previ que optimitza el c\u00e0lcul en funci\u00f3 de les teves necessitats energ\u00e8tiques i econ\u00f2miques.<\/p>\n<p class=\"PlaygroundEditorTheme__paragraph\" dir=\"ltr\">Execuci\u00f3 i realitzaci\u00f3 dels projectes necessaris, tractament de la legalitzaci\u00f3 obligat\u00f2ria, execuci\u00f3 de la instal\u00b7laci\u00f3 i posada en marxa.<\/p>\n                                                    <\/div>\n                    <\/div>\n                                    <div class=\"texto texto-block_4c3097994682b05f4c2bc37403e2d53e-7\">\n                        <div class=\"control\">\n                            <div class=\"number\">\n                                <span>07<\/span>\n                            <\/div>\n                            <p>Solarta Balear configura i instal\u00b7la sistemes de gesti\u00f3 intel\u00b7ligent dels teus consumidors. Desenvolupem conceptes senzills, intu\u00eftius i elegants. Aquestes solucions s\u00f3n capaces d&#8217;integrar el control de tots els components del teu sistema, des de la producci\u00f3 el\u00e8ctrica fins als consumidors com per exemple l&#8217;aire condicionat, la calefacci\u00f3, l\u2019aigua calenta o el carregador del cotxe.<\/p>\n                                                    <\/div>\n                    <\/div>\n                                    <div class=\"texto texto-block_4c3097994682b05f4c2bc37403e2d53e-8\">\n                        <div class=\"control\">\n                            <div class=\"number\">\n                                <span>08<\/span>\n                            <\/div>\n                            <p>Tots els nostres sistemes ofereixen la possibilitat de visualitzar i monitoritzar els components principals, l&#8217;energia solar produ\u00efda, el consum el\u00e8ctric, etc. Amb l&#8217;automatitzaci\u00f3 d\u2019equips, sempre estar\u00e0s informat sobre l\u2019estat del teu sistema i es podran realitzar an\u00e0lisis f\u00e0cilment en cas d\u2019anomalies.<\/p>\n                                                    <\/div>\n                    <\/div>\n                            <\/div>\n\n        <\/div>\n        \n    <\/div>\n<\/div>\n\n\n\n\n                    \n\n\n<div style=\"height:100px\" aria-hidden=\"true\" class=\"wp-block-spacer\"><\/div>\n\n\n\n<style type=\"text\/css\">\n                #check-block_521b5f44c9c3a15343e1a59dbb47294c-9:checked ~ .wrap label.check-block_521b5f44c9c3a15343e1a59dbb47294c-9{\n            color: var(--color-brown);\n            border-bottom: 1px solid var(--color-brown);\n        }\n        #check-block_521b5f44c9c3a15343e1a59dbb47294c-9:checked ~ .wrap label.check-block_521b5f44c9c3a15343e1a59dbb47294c-9 .number span{\n            border-right: 1px solid var(--color-brown);\n        }\n        #check-block_521b5f44c9c3a15343e1a59dbb47294c-9:checked ~ .wrap .right-column .texto-block_521b5f44c9c3a15343e1a59dbb47294c-9{\n            display: block;\n        }\n\n        #check-block_521b5f44c9c3a15343e1a59dbb47294c-9:checked ~ .wrap .texto-block_521b5f44c9c3a15343e1a59dbb47294c-9{\n            max-height: 2000px;\n        }\n\n        @media only screen and (max-width:575px) {\n            #check-block_521b5f44c9c3a15343e1a59dbb47294c-9:checked ~ .wrap label.check-block_521b5f44c9c3a15343e1a59dbb47294c-9 .number span{\n                border-right: 0;\n                border-bottom: 1px solid var(--color-brown);\n            }\n        }\n\n                    #check-block_521b5f44c9c3a15343e1a59dbb47294c-10:checked ~ .wrap label.check-block_521b5f44c9c3a15343e1a59dbb47294c-10{\n            color: var(--color-brown);\n            border-bottom: 1px solid var(--color-brown);\n        }\n        #check-block_521b5f44c9c3a15343e1a59dbb47294c-10:checked ~ .wrap label.check-block_521b5f44c9c3a15343e1a59dbb47294c-10 .number span{\n            border-right: 1px solid var(--color-brown);\n        }\n        #check-block_521b5f44c9c3a15343e1a59dbb47294c-10:checked ~ .wrap .right-column .texto-block_521b5f44c9c3a15343e1a59dbb47294c-10{\n            display: block;\n        }\n\n        #check-block_521b5f44c9c3a15343e1a59dbb47294c-10:checked ~ .wrap .texto-block_521b5f44c9c3a15343e1a59dbb47294c-10{\n            max-height: 2000px;\n        }\n\n        @media only screen and (max-width:575px) {\n            #check-block_521b5f44c9c3a15343e1a59dbb47294c-10:checked ~ .wrap label.check-block_521b5f44c9c3a15343e1a59dbb47294c-10 .number span{\n                border-right: 0;\n                border-bottom: 1px solid var(--color-brown);\n            }\n        }\n\n                    #check-block_521b5f44c9c3a15343e1a59dbb47294c-11:checked ~ .wrap label.check-block_521b5f44c9c3a15343e1a59dbb47294c-11{\n            color: var(--color-brown);\n            border-bottom: 1px solid var(--color-brown);\n        }\n        #check-block_521b5f44c9c3a15343e1a59dbb47294c-11:checked ~ .wrap label.check-block_521b5f44c9c3a15343e1a59dbb47294c-11 .number span{\n            border-right: 1px solid var(--color-brown);\n        }\n        #check-block_521b5f44c9c3a15343e1a59dbb47294c-11:checked ~ .wrap .right-column .texto-block_521b5f44c9c3a15343e1a59dbb47294c-11{\n            display: block;\n        }\n\n        #check-block_521b5f44c9c3a15343e1a59dbb47294c-11:checked ~ .wrap .texto-block_521b5f44c9c3a15343e1a59dbb47294c-11{\n            max-height: 2000px;\n        }\n\n        @media only screen and (max-width:575px) {\n            #check-block_521b5f44c9c3a15343e1a59dbb47294c-11:checked ~ .wrap label.check-block_521b5f44c9c3a15343e1a59dbb47294c-11 .number span{\n                border-right: 0;\n                border-bottom: 1px solid var(--color-brown);\n            }\n        }\n\n             \n<\/style>\n\n\n<div id=\"block-acordeones-especiales-block_521b5f44c9c3a15343e1a59dbb47294c\" class=\"block-acordeones-especiales\">\n                            <input type=\"radio\" name=\"block_521b5f44c9c3a15343e1a59dbb47294c\" id=\"check-block_521b5f44c9c3a15343e1a59dbb47294c-9\" style=\"display: none;\" checked>\n                \n                                <input type=\"radio\" name=\"block_521b5f44c9c3a15343e1a59dbb47294c\" id=\"check-block_521b5f44c9c3a15343e1a59dbb47294c-10\" style=\"display: none;\">\n                \n                                <input type=\"radio\" name=\"block_521b5f44c9c3a15343e1a59dbb47294c\" id=\"check-block_521b5f44c9c3a15343e1a59dbb47294c-11\" style=\"display: none;\">\n                \n            \n\n    <div class=\"wrap\">\n       \n        <div class=\"control-grid\">\n            <div class=\"left-column\">\n                                                    <div class=\"single-acordeon\"> \n                        <label class=\"accordeon-title check-block_521b5f44c9c3a15343e1a59dbb47294c-9\" for=\"check-block_521b5f44c9c3a15343e1a59dbb47294c-9\">\n                            <div class=\"number\"><span>09<\/span><\/div>\n                            <h3>Instal\u00b7lacions solars sense intermediaris<\/h3>\n                            <div class=\"arrow\">\n                                <i class=\"fa-solid fa-circle-chevron-right\"><\/i>\n                            <\/div>\n                        <\/label>\n\n                        <div class=\"mobile-accordion-text mobile-accordion-text texto-block_521b5f44c9c3a15343e1a59dbb47294c-9\">\n                            <div class=\"control\">\n                                <p>A Solarta som una empresa instal\u00b7ladora que confia en la cooperaci\u00f3 amb socis forts i fabricants de productes d&#8217;alta qualitat, sempre amb les millors marques que garanteixen un servei postvenda que respon: SMA, FRONIUS, BYD, BAE, DAGARTECH, PERKINS, LOXONE.<\/p>\n                            <\/div>\n                        <\/div>\n\n                    <\/div>\n                                                        <div class=\"single-acordeon\"> \n                        <label class=\"accordeon-title check-block_521b5f44c9c3a15343e1a59dbb47294c-10\" for=\"check-block_521b5f44c9c3a15343e1a59dbb47294c-10\">\n                            <div class=\"number\"><span>010<\/span><\/div>\n                            <h3>Professionalitat<\/h3>\n                            <div class=\"arrow\">\n                                <i class=\"fa-solid fa-circle-chevron-right\"><\/i>\n                            <\/div>\n                        <\/label>\n\n                        <div class=\"mobile-accordion-text mobile-accordion-text texto-block_521b5f44c9c3a15343e1a59dbb47294c-10\">\n                            <div class=\"control\">\n                                <p>Som membres de les associacions del sector tant a nivell auton\u00f2mic com nacional: <a href=\"https:\/\/asinem.net\/\" target=\"_blank\" rel=\"nofollow noopener\">ASINEM<\/a>, <a href=\"https:\/\/www.pimem.es\/\" target=\"_blank\" rel=\"nofollow noopener\">PYMEM<\/a>, <a href=\"https:\/\/cogiti.es\/\" target=\"_blank\" rel=\"nofollow noopener\">COGITI<\/a>, <a href=\"https:\/\/hazenergia.es\/\" target=\"_blank\" rel=\"nofollow noopener\">HAZ ENERGIA<\/a>, <a href=\"https:\/\/www.unef.es\/\" target=\"_blank\" rel=\"nofollow noopener\">UNEF<\/a>. D&#8217;aquesta manera, estem sempre ben informats sobre la legislaci\u00f3 vigent que s&#8217;aplica al nostre sector i podem oferir solucions d&#8217;acord amb les normatives actuals.<\/p>\n                            <\/div>\n                        <\/div>\n\n                    <\/div>\n                                                        <div class=\"single-acordeon\"> \n                        <label class=\"accordeon-title check-block_521b5f44c9c3a15343e1a59dbb47294c-11\" for=\"check-block_521b5f44c9c3a15343e1a59dbb47294c-11\">\n                            <div class=\"number\"><span>011<\/span><\/div>\n                            <h3>Gesti\u00f3 de subvencions per a panells solars<\/h3>\n                            <div class=\"arrow\">\n                                <i class=\"fa-solid fa-circle-chevron-right\"><\/i>\n                            <\/div>\n                        <\/label>\n\n                        <div class=\"mobile-accordion-text mobile-accordion-text texto-block_521b5f44c9c3a15343e1a59dbb47294c-11\">\n                            <div class=\"control\">\n                                <p class=\"PlaygroundEditorTheme__paragraph\" dir=\"ltr\">A Solarta no nom\u00e9s som instal\u00b7ladors de panells fotovoltaics, tamb\u00e9 realitzem el servei de gesti\u00f3 de subvencions per a plaques solars fotovoltaiques amb molt bons resultats des de fa m\u00e9s de 25 anys.<\/p>\n<p class=\"PlaygroundEditorTheme__paragraph\" dir=\"ltr\">Hi ha programes anuals amb ajudes a fons perdut per a aquest tipus d\u2019inversions. Nosaltres funcionem com a intermediari entre l&#8217;administraci\u00f3 de les Illes Balears i el client, gestionant tot el proc\u00e9s des de l&#8217;inici fins al tancament.<\/p>\n                            <\/div>\n                        <\/div>\n\n                    <\/div>\n                                                <\/div>\n            <div class=\"right-column\">\n                                                    <div class=\"texto texto-block_521b5f44c9c3a15343e1a59dbb47294c-9\">\n                        <div class=\"control\">\n                            <div class=\"number\">\n                                <span>09<\/span>\n                            <\/div>\n                            <p>A Solarta som una empresa instal\u00b7ladora que confia en la cooperaci\u00f3 amb socis forts i fabricants de productes d&#8217;alta qualitat, sempre amb les millors marques que garanteixen un servei postvenda que respon: SMA, FRONIUS, BYD, BAE, DAGARTECH, PERKINS, LOXONE.<\/p>\n                                                    <\/div>\n                    <\/div>\n                                    <div class=\"texto texto-block_521b5f44c9c3a15343e1a59dbb47294c-10\">\n                        <div class=\"control\">\n                            <div class=\"number\">\n                                <span>010<\/span>\n                            <\/div>\n                            <p>Som membres de les associacions del sector tant a nivell auton\u00f2mic com nacional: <a href=\"https:\/\/asinem.net\/\" target=\"_blank\" rel=\"nofollow noopener\">ASINEM<\/a>, <a href=\"https:\/\/www.pimem.es\/\" target=\"_blank\" rel=\"nofollow noopener\">PYMEM<\/a>, <a href=\"https:\/\/cogiti.es\/\" target=\"_blank\" rel=\"nofollow noopener\">COGITI<\/a>, <a href=\"https:\/\/hazenergia.es\/\" target=\"_blank\" rel=\"nofollow noopener\">HAZ ENERGIA<\/a>, <a href=\"https:\/\/www.unef.es\/\" target=\"_blank\" rel=\"nofollow noopener\">UNEF<\/a>. D&#8217;aquesta manera, estem sempre ben informats sobre la legislaci\u00f3 vigent que s&#8217;aplica al nostre sector i podem oferir solucions d&#8217;acord amb les normatives actuals.<\/p>\n                                                    <\/div>\n                    <\/div>\n                                    <div class=\"texto texto-block_521b5f44c9c3a15343e1a59dbb47294c-11\">\n                        <div class=\"control\">\n                            <div class=\"number\">\n                                <span>011<\/span>\n                            <\/div>\n                            <p class=\"PlaygroundEditorTheme__paragraph\" dir=\"ltr\">A Solarta no nom\u00e9s som instal\u00b7ladors de panells fotovoltaics, tamb\u00e9 realitzem el servei de gesti\u00f3 de subvencions per a plaques solars fotovoltaiques amb molt bons resultats des de fa m\u00e9s de 25 anys.<\/p>\n<p class=\"PlaygroundEditorTheme__paragraph\" dir=\"ltr\">Hi ha programes anuals amb ajudes a fons perdut per a aquest tipus d\u2019inversions. Nosaltres funcionem com a intermediari entre l&#8217;administraci\u00f3 de les Illes Balears i el client, gestionant tot el proc\u00e9s des de l&#8217;inici fins al tancament.<\/p>\n                                                    <\/div>\n                    <\/div>\n                            <\/div>\n\n        <\/div>\n        \n    <\/div>\n<\/div>\n\n\n\n\n                    <\/div><\/div>\n<\/div><\/div>\n\n\n\n<div style=\"height:150px\" aria-hidden=\"true\" class=\"wp-block-spacer color-bg-brand-spacer\"><\/div>\n\n\n\n\n<div id=\"block-banner-only-image-block_908f8ea2088039d11e26ecf347532c52\" class=\"block-banner-only-image\">\n                <div class=\"image image-desktop\" style=\"background-image: url(https:\/\/www.solarta.com\/wp-content\/uploads\/2024\/11\/banner-energia-solar-sistemas-aislados-mallorca-scaled.jpg);\"><\/div>\n                    <div class=\"image image-mobile\" style=\"background-image: url(https:\/\/www.solarta.com\/wp-content\/uploads\/2024\/11\/banner-energia-solar-sistemas-aislados-mallorca-scaled.jpg);\"><\/div>\n                \n        \n<\/div>\n\n\n\n\n<div style=\"height:150px\" aria-hidden=\"true\" class=\"wp-block-spacer color-bg-brand-spacer\"><\/div>\n\n\n\n\n<div id=\"block-scroll-cards-especiales-block_3d3ff2f7c638094d4d2e49e42df6d7b6\" class=\"block-scroll-cards-especiales\">\n    <div class=\"wrap\">\n        <div class=\"control-columns\">\n            <div class=\"left-column\">\n                <div class=\"control-sidebar-items\">\n                    <p class=\"pretitle\">\n                                                    <img decoding=\"async\" src=\"https:\/\/www.solarta.com\/wp-content\/uploads\/2024\/11\/panel-solar.png\" alt=\"\" title=\"\">\n                                                <span>\n                            Energia solar. Sistemes a\u00efllats                        <\/span>\n                    <\/p>\n                    <h2>Funcionament .Instal\u00b7lacions d\u2019energia solar. <strong>Sistemes a\u00efllats<\/strong><\/h2>\n                                            <div class=\"texto\">\n                            <p>Els nostres sistemes d\u2019energia solar a\u00efllats funcionen amb una connexi\u00f3 modular de tots els components en el costat de corrent altern.<\/p>\n                        <\/div>\n                                        \n                                                <a rel=\"nofollow\" class=\"button-yellow\" href=\"https:\/\/www.solarta.com\/ca\/contacte-particulars\/\" target=\"_self\">Sol\u00b7licitar pressupost<\/a>\n                                        <\/div>\n            <\/div>\n            <div class=\"right-column\">\n                <div class=\"control-cards\">\n                                                                    <div class=\"card-content scroll-row\">\n                            <p class=\"pretitle-card\">Component 01<\/p>\n                            <h3>Generador Solar<\/h3>\n                            <div class=\"texto\">\n                                <p>Els generadors fotovoltaics es formen amb panells solars que capturen la radiaci\u00f3 solar i la transformen en energia el\u00e8ctrica. Es poden instal\u00b7lar a teulades, terrasses planes, p\u00e8rgoles, fa\u00e7anes o directament al terra. La majoria dels fabricants ofereixen garanties de producci\u00f3 el\u00e8ctrica de 25 a 30 anys sobre els seus productes.<\/p>\n                            <\/div>\n                        <\/div>\n                                                                    <div class=\"card-content scroll-row\">\n                            <p class=\"pretitle-card\">Component 02<\/p>\n                            <h3>Inversor Solar<\/h3>\n                            <div class=\"texto\">\n                                <p class=\"PlaygroundEditorTheme__paragraph\" dir=\"ltr\">L\u2019inversor solar converteix l\u2019energia solar de corrent continu a corrent altern.<\/p>\n                            <\/div>\n                        <\/div>\n                                                                    <div class=\"card-content scroll-row\">\n                            <p class=\"pretitle-card\">Component 03<\/p>\n                            <h3>Inversor de bateria<\/h3>\n                            <div class=\"texto\">\n                                <p class=\"PlaygroundEditorTheme__paragraph\" dir=\"ltr\">Crea una xarxa de corrent altern monof\u00e0sica a 230V o trif\u00e0sica a 230\/400V, regula el voltatge i la freq\u00fc\u00e8ncia a la xarxa de corrent altern. Tant els consumidors com els generadors d\u2019energia es connecten directament a aquesta xarxa.<\/p>\n<p class=\"PlaygroundEditorTheme__paragraph\" dir=\"ltr\">Est\u00e0 connectat a la producci\u00f3 solar (a trav\u00e9s de l\u2019inversor solar) i a la bateria, d\u2019aquesta manera \u00e9s capa\u00e7 de prendre decisions sobre la gesti\u00f3 d\u2019energia de manera intel\u00b7ligent.<\/p>\n<p class=\"PlaygroundEditorTheme__paragraph\" dir=\"ltr\">Si la producci\u00f3 d\u2019energia \u00e9s superior al consum, l\u2019inversor utilitza l\u2019exc\u00e9s per carregar les bateries. Si el consum \u00e9s superior a la producci\u00f3, l\u2019inversor aprofita l\u2019energia acumulada a les bateries per cobrir la demanda. Si les bateries no tenen prou energia o el consum \u00e9s molt alt, l\u2019inversor arrenca autom\u00e0ticament el grup electr\u00f2gen.<\/p>\n                            <\/div>\n                        <\/div>\n                                                                    <div class=\"card-content scroll-row\">\n                            <p class=\"pretitle-card\">Component 04<\/p>\n                            <h3>Bateria \/ Acumulador<\/h3>\n                            <div class=\"texto\">\n                                <p>Les bateries per a panells solars emmagatzemen l\u2019energia el\u00e8ctrica produ\u00efda pels panells fotovoltaics o altres fonts, garantint el subministrament d\u2019electricitat en qualsevol moment. Disposem de diversos tipus d\u2019acumuladors com bateries de liti, plom-\u00e0cid o gel.<\/p>\n                            <\/div>\n                        <\/div>\n                                                                    <div class=\"card-content scroll-row\">\n                            <p class=\"pretitle-card\">Component 05<\/p>\n                            <h3>Grup Electrogen<\/h3>\n                            <div class=\"texto\">\n                                <p>Per assegurar un subministrament el\u00e8ctric continu, es munta un grup electr\u00f2gen (com un generador di\u00e8sel) que carrega les bateries en moments de baixa producci\u00f3 solar i ajuda durant pics de demanda el\u00e8ctrica. Aquest component es controla de manera automatitzada.<\/p>\n                            <\/div>\n                        <\/div>\n                                    <\/div>\n            <\/div>\n        <\/div>\n    <\/div>\n<\/div>\n\n\n\n\n                    \n\n\n\n<div id=\"block-banner-only-image-block_09ed155843eeb3f5688b6493635b238f\" class=\"block-banner-only-image\">\n                <div class=\"image image-desktop\" style=\"background-image: url(https:\/\/www.solarta.com\/wp-content\/uploads\/2024\/11\/banner-energia-solar-sistemas-aislados-isla-mallorca-scaled.jpg);\"><\/div>\n                    <div class=\"image image-mobile\" style=\"background-image: url(https:\/\/www.solarta.com\/wp-content\/uploads\/2024\/11\/banner-energia-solar-sistemas-aislados-isla-mallorca-scaled.jpg);\"><\/div>\n                \n        \n<\/div>\n\n\n\n\n<div class=\"wp-block-group autoconsumo-fotovolcaico\"><div class=\"wp-block-group__inner-container is-layout-constrained wp-block-group-is-layout-constrained\">\n<div class=\"wp-block-group wrap-custom\"><div class=\"wp-block-group__inner-container is-layout-constrained wp-block-group-is-layout-constrained\">\n<div class=\"wp-block-columns are-vertically-aligned-top is-not-stacked-on-mobile control-columns is-layout-flex wp-container-core-columns-is-layout-9d6595d7 wp-block-columns-is-layout-flex\">\n<div class=\"wp-block-column is-vertically-aligned-top is-layout-flow wp-block-column-is-layout-flow\" style=\"flex-basis:50%\">\n<div class=\"wp-block-columns are-vertically-aligned-center is-not-stacked-on-mobile pretitulo is-layout-flex wp-container-core-columns-is-layout-9d6595d7 wp-block-columns-is-layout-flex\">\n<div class=\"wp-block-column is-vertically-aligned-center is-layout-flow wp-block-column-is-layout-flow\" style=\"flex-basis:40px\">\n<figure class=\"wp-block-image size-full\"><img loading=\"lazy\" decoding=\"async\" width=\"52\" height=\"29\" src=\"https:\/\/solarta.com\/wp-content\/uploads\/2024\/11\/panel-solar.png\" alt=\"\" class=\"wp-image-750\" title=\"\"><\/figure>\n<\/div>\n\n\n\n<div class=\"wp-block-column is-vertically-aligned-center is-layout-flow wp-block-column-is-layout-flow\" style=\"flex-basis:100%\">\n<p>Energia solar. Sistemes a\u00efllats<\/p>\n<\/div>\n<\/div>\n\n\n\n<h2 class=\"wp-block-heading\">Les nostres marques per a cases a\u00efllades a <strong>Mallorca<\/strong><\/h2>\n\n\n\n<p>Solarta Balear ofereix productes i serveis de m\u00e0xima qualitat a l&#8217;illa de Mallorca. La nostra premissa \u00e9s clara: nom\u00e9s amb productes d&#8217;alta qualitat es poden aconseguir sistemes fiables.&nbsp;<\/p>\n\n\n\n<p>Som servei t\u00e8cnic autoritzat a les Balears de primeres marques, amb les quals disposem d&#8217;un canal directe amb el departament t\u00e8cnic. D&#8217;aquesta manera, podem oferir rapidesa en la gesti\u00f3 de reparacions i garanties.<\/p>\n<\/div>\n\n\n\n<div class=\"wp-block-column is-vertically-aligned-top is-layout-flow wp-block-column-is-layout-flow\">\n<div style=\"height:75px\" aria-hidden=\"true\" class=\"wp-block-spacer\"><\/div>\n\n\n\n<ul class=\"wp-block-list list-special\">\n<li>Inversors: SMA, FRONIUS&nbsp;<\/li>\n\n\n\n<li>Bateries: BYD, BAE&nbsp;<\/li>\n\n\n\n<li>M\u00f2duls fotovoltaics: SOLAR FABRIK, LONGI, AXITEC i m\u00e9s&nbsp;<\/li>\n\n\n\n<li>Control de gesti\u00f3: LOXONE, SIEMENS&nbsp;<\/li>\n\n\n\n<li>Grups electr\u00f2gens di\u00e8sel: DAGARTECH \/ PERKINS<\/li>\n<\/ul>\n\n\n\n<div style=\"height:60px\" aria-hidden=\"true\" class=\"wp-block-spacer\"><\/div>\n\n\n\n<div class=\"wp-block-group is-nowrap is-layout-flex wp-container-core-group-is-layout-ad2f72ca wp-block-group-is-layout-flex\">\n<figure class=\"wp-block-image size-full\"><img loading=\"lazy\" decoding=\"async\" width=\"115\" height=\"74\" src=\"https:\/\/solarta.com\/wp-content\/uploads\/2024\/11\/sma.png\" alt=\"\" class=\"wp-image-791\" title=\"\"><\/figure>\n\n\n\n<figure class=\"wp-block-image size-full\"><img loading=\"lazy\" decoding=\"async\" width=\"344\" height=\"74\" src=\"https:\/\/solarta.com\/wp-content\/uploads\/2024\/11\/fronius.png\" alt=\"\" class=\"wp-image-786\" title=\"\" srcset=\"https:\/\/www.solarta.com\/wp-content\/uploads\/2024\/11\/fronius.png 344w, https:\/\/www.solarta.com\/wp-content\/uploads\/2024\/11\/fronius-300x65.png 300w\" sizes=\"auto, (max-width: 344px) 100vw, 344px\" \/><\/figure>\n\n\n\n<figure class=\"wp-block-image size-full\"><img loading=\"lazy\" decoding=\"async\" width=\"120\" height=\"74\" src=\"https:\/\/solarta.com\/wp-content\/uploads\/2024\/11\/byd.png\" alt=\"\" class=\"wp-image-784\" title=\"\"><\/figure>\n\n\n\n<figure class=\"wp-block-image size-full\"><img loading=\"lazy\" decoding=\"async\" width=\"347\" height=\"90\" src=\"https:\/\/solarta.com\/wp-content\/uploads\/2024\/11\/bae-systems.png\" alt=\"\" class=\"wp-image-783\" title=\"\" srcset=\"https:\/\/www.solarta.com\/wp-content\/uploads\/2024\/11\/bae-systems.png 347w, https:\/\/www.solarta.com\/wp-content\/uploads\/2024\/11\/bae-systems-300x78.png 300w\" sizes=\"auto, (max-width: 347px) 100vw, 347px\" \/><\/figure>\n<\/div>\n\n\n\n<div style=\"height:15px\" aria-hidden=\"true\" class=\"wp-block-spacer\"><\/div>\n\n\n\n<div class=\"wp-block-group is-nowrap is-layout-flex wp-container-core-group-is-layout-ad2f72ca wp-block-group-is-layout-flex\">\n<figure class=\"wp-block-image size-full\"><img loading=\"lazy\" decoding=\"async\" width=\"126\" height=\"110\" src=\"https:\/\/solarta.com\/wp-content\/uploads\/2024\/11\/solar-fabrik.png\" alt=\"\" class=\"wp-image-792\" title=\"\"><\/figure>\n\n\n\n<figure class=\"wp-block-image size-full\"><img loading=\"lazy\" decoding=\"async\" width=\"190\" height=\"74\" src=\"https:\/\/solarta.com\/wp-content\/uploads\/2024\/11\/longi.png\" alt=\"\" class=\"wp-image-787\" title=\"\"><\/figure>\n\n\n\n<figure class=\"wp-block-image size-full\"><img loading=\"lazy\" decoding=\"async\" width=\"225\" height=\"74\" src=\"https:\/\/solarta.com\/wp-content\/uploads\/2024\/11\/axitec.png\" alt=\"\" class=\"wp-image-782\" title=\"\"><\/figure>\n\n\n\n<figure class=\"wp-block-image size-full\"><img loading=\"lazy\" decoding=\"async\" width=\"245\" height=\"74\" src=\"https:\/\/solarta.com\/wp-content\/uploads\/2024\/11\/loxone.png\" alt=\"\" class=\"wp-image-788\" title=\"\"><\/figure>\n\n\n\n<figure class=\"wp-block-image size-full\"><img loading=\"lazy\" decoding=\"async\" width=\"281\" height=\"110\" src=\"https:\/\/solarta.com\/wp-content\/uploads\/2024\/11\/siemens.png\" alt=\"\" class=\"wp-image-790\" title=\"\"><\/figure>\n<\/div>\n\n\n\n<div style=\"height:15px\" aria-hidden=\"true\" class=\"wp-block-spacer\"><\/div>\n\n\n\n<div class=\"wp-block-group is-nowrap is-layout-flex wp-container-core-group-is-layout-ad2f72ca wp-block-group-is-layout-flex\">\n<figure class=\"wp-block-image size-full is-resized\"><img loading=\"lazy\" decoding=\"async\" width=\"249\" height=\"80\" src=\"https:\/\/solarta.com\/wp-content\/uploads\/2024\/11\/dagartech.png\" alt=\"\" class=\"wp-image-785\" style=\"width:125px\" title=\"\"><\/figure>\n\n\n\n<figure class=\"wp-block-image size-full is-resized\"><img loading=\"lazy\" decoding=\"async\" width=\"236\" height=\"74\" src=\"https:\/\/solarta.com\/wp-content\/uploads\/2024\/11\/perkins.png\" alt=\"\" class=\"wp-image-789\" style=\"width:117px\" title=\"\"><\/figure>\n<\/div>\n\n\n\n<div class=\"wp-block-buttons is-content-justification-right is-layout-flex wp-container-core-buttons-is-layout-765c4724 wp-block-buttons-is-layout-flex\">\n<div class=\"wp-block-button button-yellow-gut\"><a class=\"wp-block-button__link wp-element-button\" href=\"https:\/\/www.solarta.com\/ca\/contacte-particulars\/\" rel=\"nofollow\">Sol\u00b7licitar pressupost<\/a><\/div>\n<\/div>\n<\/div>\n<\/div>\n<\/div><\/div>\n<\/div><\/div>\n\n\n\n<div class=\"wp-block-group banner-dual-control-bg\"><div class=\"wp-block-group__inner-container is-layout-constrained wp-block-group-is-layout-constrained\">\n            <div id=\"block-banner-dual-block_b7c5b083cc7e2166537afeda88af0c78\" class=\"block-banner-dual\">\n                <div class=\"control-banners\">\n                    <div class=\"banner-general-tipo-2 banner-1\" style=\"background-image: url(https:\/\/www.solarta.com\/wp-content\/uploads\/2024\/12\/aerotermia-2.jpg);\">\n                        <div class=\"transparency\" style=\"background-color: ;\"><\/div>\n                        <div class=\"control-texto_tipo-2\">\n                            <p class=\"company\"><\/p>\n                            <p class=\"texto\"><\/p>\n                            <p class=\"name-employee\"><\/p>\n                            <div class=\"button-container\">\n                                                                        <a rel=\"nofollow\" class=\"button-yellow\" href=\"https:\/\/www.solarta.com\/ca\/contacte-particulars\/\" target=\"_self\">Servei a particulars<\/a>\n                                                            <\/div>\n                        <\/div>\n                    <\/div>\n                    <div class=\"banner-general-tipo-2 banner-2\" style=\"background-image: url(https:\/\/www.solarta.com\/wp-content\/uploads\/2024\/10\/contacto-empresas.jpg);\">\n                        <div class=\"transparency\" style=\"background-color: ;\"><\/div>\n                        <div class=\"control-texto_tipo-2\">\n                            <p class=\"company\"><\/p>\n                            <p class=\"texto\"><\/p>\n                            <p class=\"name-employee\"><\/p>\n                            <div class=\"button-container\">\n                                                                        <a rel=\"nofollow\" class=\"button-black\" href=\"https:\/\/www.solarta.com\/ca\/contacte-empreses\/\" target=\"_self\">Servei a empreses<\/a>\n                                                            <\/div>\n                        <\/div>\n                    <\/div>\n            <\/div>\n            \n\n\n<\/div><\/div>\n\n\n\n<div class=\"wp-block-group casos-exito-general\"><div class=\"wp-block-group__inner-container is-layout-constrained wp-block-group-is-layout-constrained\">\n<div class=\"wp-block-group autoconsumo-fotovolcaico\"><div class=\"wp-block-group__inner-container is-layout-constrained wp-block-group-is-layout-constrained\">\n<div class=\"wp-block-group wrap\"><div class=\"wp-block-group__inner-container is-layout-constrained wp-block-group-is-layout-constrained\">\n<div class=\"wp-block-columns are-vertically-aligned-center is-not-stacked-on-mobile control-columns is-layout-flex wp-container-core-columns-is-layout-9d6595d7 wp-block-columns-is-layout-flex\">\n<div class=\"wp-block-column is-vertically-aligned-center is-layout-flow wp-block-column-is-layout-flow\" style=\"flex-basis:75%\">\n<div class=\"wp-block-columns are-vertically-aligned-center is-not-stacked-on-mobile pretitulo is-layout-flex wp-container-core-columns-is-layout-9d6595d7 wp-block-columns-is-layout-flex\">\n<div class=\"wp-block-column is-vertically-aligned-center is-layout-flow wp-block-column-is-layout-flow\" style=\"flex-basis:40px\">\n<figure class=\"wp-block-image size-full\"><img loading=\"lazy\" decoding=\"async\" width=\"52\" height=\"29\" src=\"https:\/\/solarta.com\/wp-content\/uploads\/2024\/11\/panel-solar.png\" alt=\"\" class=\"wp-image-750\" title=\"\"><\/figure>\n<\/div>\n\n\n\n<div class=\"wp-block-column is-vertically-aligned-center is-layout-flow wp-block-column-is-layout-flow\" style=\"flex-basis:100%\">\n<p>Energia solar. Sistemes a\u00efllats<\/p>\n<\/div>\n<\/div>\n\n\n\n<h2 class=\"wp-block-heading\">Projectes d&#8217;energia solar per a sistemes a\u00efllats. <strong>Casos d&#8217;\u00e8xit<\/strong><\/h2>\n<\/div>\n\n\n\n<div class=\"wp-block-column is-vertically-aligned-center is-layout-flow wp-block-column-is-layout-flow\"><div class=\"wp-block-image icon-eye\">\n<figure class=\"aligncenter size-full\"><img loading=\"lazy\" decoding=\"async\" width=\"161\" height=\"160\" src=\"https:\/\/solarta.com\/wp-content\/uploads\/2024\/11\/eye-icon.png\" alt=\"\" class=\"wp-image-653\" title=\"\" srcset=\"https:\/\/www.solarta.com\/wp-content\/uploads\/2024\/11\/eye-icon.png 161w, https:\/\/www.solarta.com\/wp-content\/uploads\/2024\/11\/eye-icon-150x150.png 150w, https:\/\/www.solarta.com\/wp-content\/uploads\/2024\/11\/eye-icon-75x75.png 75w\" sizes=\"auto, (max-width: 161px) 100vw, 161px\" \/><\/figure>\n<\/div>\n\n\n<div class=\"wp-block-buttons is-content-justification-center is-layout-flex wp-container-core-buttons-is-layout-16018d1d wp-block-buttons-is-layout-flex\">\n<div class=\"wp-block-button button-white-gut\"><a class=\"wp-block-button__link wp-element-button\" href=\"https:\/\/www.solarta.com\/ca\/projectes\/\" rel=\"nofollow\">Veure els nostres projectes<\/a><\/div>\n<\/div>\n<\/div>\n<\/div>\n<\/div><\/div>\n<\/div><\/div>\n\n\n\n<div class=\"wp-block-group\"><div class=\"wp-block-group__inner-container is-layout-constrained wp-block-group-is-layout-constrained\">\n<div class=\"wp-block-group mision-general\"><div class=\"wp-block-group__inner-container is-layout-constrained wp-block-group-is-layout-constrained\">\n<div class=\"wp-block-group wrap\"><div class=\"wp-block-group__inner-container is-layout-constrained wp-block-group-is-layout-constrained\">\n<div class=\"wp-block-columns are-vertically-aligned-center control-columns is-layout-flex wp-container-core-columns-is-layout-9d6595d7 wp-block-columns-is-layout-flex\">\n<div class=\"wp-block-column is-vertically-aligned-center is-layout-flow wp-block-column-is-layout-flow\" style=\"flex-basis:66.66%\">\n<figure class=\"wp-block-image size-large\"><img loading=\"lazy\" decoding=\"async\" width=\"1024\" height=\"431\" src=\"https:\/\/solarta.com\/wp-content\/uploads\/2024\/11\/servicios-1024x431.jpg\" alt=\"\" class=\"wp-image-804\" title=\"\" srcset=\"https:\/\/www.solarta.com\/wp-content\/uploads\/2024\/11\/servicios-1024x431.jpg 1024w, https:\/\/www.solarta.com\/wp-content\/uploads\/2024\/11\/servicios-300x126.jpg 300w, https:\/\/www.solarta.com\/wp-content\/uploads\/2024\/11\/servicios-768x323.jpg 768w, https:\/\/www.solarta.com\/wp-content\/uploads\/2024\/11\/servicios-1536x646.jpg 1536w, https:\/\/www.solarta.com\/wp-content\/uploads\/2024\/11\/servicios-2048x862.jpg 2048w\" sizes=\"auto, (max-width: 1024px) 100vw, 1024px\" \/><\/figure>\n<\/div>\n\n\n\n<div class=\"wp-block-column is-vertically-aligned-center is-layout-flow wp-block-column-is-layout-flow\" style=\"flex-basis:33.33%\">\n<div class=\"wp-block-group\"><div class=\"wp-block-group__inner-container is-layout-constrained wp-block-group-is-layout-constrained\">\n<p class=\"without-margin-bottom\">Lloc<\/p>\n\n\n\n<p class=\"title\">Manacor<\/p>\n<\/div><\/div>\n\n\n\n<div style=\"height:30px\" aria-hidden=\"true\" class=\"wp-block-spacer\"><\/div>\n\n\n\n<div class=\"wp-block-group\"><div class=\"wp-block-group__inner-container is-layout-constrained wp-block-group-is-layout-constrained\">\n<p class=\"without-margin-bottom\">Pot\u00e8ncia instal\u00b7lada<\/p>\n\n\n\n<p class=\"title\">20 kW<\/p>\n<\/div><\/div>\n\n\n\n<div style=\"height:30px\" aria-hidden=\"true\" class=\"wp-block-spacer\"><\/div>\n\n\n\n<div class=\"wp-block-group\"><div class=\"wp-block-group__inner-container is-layout-constrained wp-block-group-is-layout-constrained\">\n<p class=\"without-margin-bottom\">Posada en marxa<\/p>\n\n\n\n<p class=\"title\">Juliol 2022<\/p>\n<\/div><\/div>\n<\/div>\n<\/div>\n<\/div><\/div>\n<\/div><\/div>\n\n\n\n<div class=\"wp-block-group mision-general proyecto-2-control\"><div class=\"wp-block-group__inner-container is-layout-constrained wp-block-group-is-layout-constrained\">\n<div class=\"wp-block-group wrap\"><div class=\"wp-block-group__inner-container is-layout-constrained wp-block-group-is-layout-constrained\">\n<div class=\"wp-block-columns are-vertically-aligned-center control-columns is-layout-flex wp-container-core-columns-is-layout-9d6595d7 wp-block-columns-is-layout-flex\">\n<div class=\"wp-block-column is-vertically-aligned-center is-layout-flow wp-block-column-is-layout-flow\" style=\"flex-basis:33.33%\">\n<div class=\"wp-block-group\"><div class=\"wp-block-group__inner-container is-layout-constrained wp-block-group-is-layout-constrained\">\n<p class=\"without-margin-bottom\">Lloc<\/p>\n\n\n\n<p class=\"title\">Alcudia<\/p>\n<\/div><\/div>\n\n\n\n<div style=\"height:30px\" aria-hidden=\"true\" class=\"wp-block-spacer\"><\/div>\n\n\n\n<div class=\"wp-block-group\"><div class=\"wp-block-group__inner-container is-layout-constrained wp-block-group-is-layout-constrained\">\n<p class=\"without-margin-bottom\">Pot\u00e8ncia instal\u00b7lada<\/p>\n\n\n\n<p class=\"title\">50 kW<\/p>\n<\/div><\/div>\n\n\n\n<div style=\"height:30px\" aria-hidden=\"true\" class=\"wp-block-spacer\"><\/div>\n\n\n\n<div class=\"wp-block-group\"><div class=\"wp-block-group__inner-container is-layout-constrained wp-block-group-is-layout-constrained\">\n<p class=\"without-margin-bottom\">Posada en marxa<\/p>\n\n\n\n<p class=\"title\">Novembre 2019<\/p>\n<\/div><\/div>\n<\/div>\n\n\n\n<div class=\"wp-block-column is-vertically-aligned-center column-image is-layout-flow wp-block-column-is-layout-flow\" style=\"flex-basis:66.66%\">\n<figure class=\"wp-block-image size-large\"><img loading=\"lazy\" decoding=\"async\" width=\"1024\" height=\"430\" src=\"https:\/\/solarta.com\/wp-content\/uploads\/2024\/11\/servicios-1-1024x430.jpg\" alt=\"\" class=\"wp-image-806\" title=\"\" srcset=\"https:\/\/www.solarta.com\/wp-content\/uploads\/2024\/11\/servicios-1-1024x430.jpg 1024w, https:\/\/www.solarta.com\/wp-content\/uploads\/2024\/11\/servicios-1-300x126.jpg 300w, https:\/\/www.solarta.com\/wp-content\/uploads\/2024\/11\/servicios-1-768x323.jpg 768w, https:\/\/www.solarta.com\/wp-content\/uploads\/2024\/11\/servicios-1-1536x645.jpg 1536w, https:\/\/www.solarta.com\/wp-content\/uploads\/2024\/11\/servicios-1-2048x861.jpg 2048w\" sizes=\"auto, (max-width: 1024px) 100vw, 1024px\" \/><\/figure>\n<\/div>\n<\/div>\n<\/div><\/div>\n<\/div><\/div>\n<\/div><\/div>\n<\/div><\/div>\n\n\n\n<div class=\"wp-block-group autoconsumo-fotovolcaico\"><div class=\"wp-block-group__inner-container is-layout-constrained wp-block-group-is-layout-constrained\">\n<div class=\"wp-block-group wrap\"><div class=\"wp-block-group__inner-container is-layout-constrained wp-block-group-is-layout-constrained\">\n<div class=\"wp-block-columns are-vertically-aligned-center is-not-stacked-on-mobile pretitulo is-layout-flex wp-container-core-columns-is-layout-9d6595d7 wp-block-columns-is-layout-flex\">\n<div class=\"wp-block-column is-vertically-aligned-center is-layout-flow wp-block-column-is-layout-flow\" style=\"flex-basis:40px\">\n<figure class=\"wp-block-image size-full\"><img loading=\"lazy\" decoding=\"async\" width=\"52\" height=\"29\" src=\"https:\/\/solarta.com\/wp-content\/uploads\/2024\/11\/panel-solar.png\" alt=\"\" class=\"wp-image-750\" title=\"\"><\/figure>\n<\/div>\n\n\n\n<div class=\"wp-block-column is-vertically-aligned-center is-layout-flow wp-block-column-is-layout-flow\" style=\"flex-basis:100%\">\n<p>Energia solar. Sistemes a\u00efllats<\/p>\n<\/div>\n<\/div>\n\n\n\n<h2 class=\"wp-block-heading\">Preguntes freq\u00fcents. Instal\u00b7lacions solars a\u00efllades<\/h2>\n\n\n\n<!--<script src=\"https:\/\/code.jquery.com\/jquery-3.7.1.js\"><\/script>\n<script src=\"https:\/\/code.jquery.com\/ui\/1.13.3\/jquery-ui.js\"><\/script>\n<script type=\"text\/javascript\">\n    jQuery(function($) {\n        $( \".block-titulo-subtitulo\" ).accordion({\n          header: \".accordeon-title\"\n        });\n    });\n<\/script>\n-->\n\n\n<div id=\"block-acordeones-block_2dd2e1072b36cf142c3efb91f0f3c447\" class=\"block-acordeones\">\n    <div class=\"wrap\">\n        <div class=\"control-grid\">\n                                        <div class=\"single-acordeon\">\n                    <input type=\"checkbox\" id=\"check-block_2dd2e1072b36cf142c3efb91f0f3c447-1\" style=\"display: none;\" checked>\n                    <label class=\"accordeon-title\" for=\"check-block_2dd2e1072b36cf142c3efb91f0f3c447-1\">\n                        <h3>A qui he de contactar en cas d\u2019avaria?<\/h3>\n                    <\/label>\n                    <div class=\"texto\">\n                        <div class=\"control\">\n                            <p>Solarta Balear, com a empresa instal\u00b7ladora, disposa d\u2019un servei propi amb t\u00e8cnics especialitzats. Durant la setmana, simplement truca a la nostra oficina (8:00 &#8211; 17:00). Els caps de setmana i festius, el servei d\u2019emerg\u00e8ncies est\u00e0 disponible a trav\u00e9s del n\u00famero de tel\u00e8fon +34 670 369 258 (10:00 &#8211; 18:00).<\/p>\n                        <\/div>\n                    <\/div>\n                <\/div>\n                                            <div class=\"single-acordeon\">\n                    <input type=\"checkbox\" id=\"check-block_2dd2e1072b36cf142c3efb91f0f3c447-2\" style=\"display: none;\" checked>\n                    <label class=\"accordeon-title\" for=\"check-block_2dd2e1072b36cf142c3efb91f0f3c447-2\">\n                        <h3>On s\u2019han de instal\u00b7lar els components d\u2019un sistema solar?<\/h3>\n                    <\/label>\n                    <div class=\"texto\">\n                        <div class=\"control\">\n                            <p>Es recomana instal\u00b7lar els inversors i les bateries en llocs secs i frescos, protegits de les condicions meteorol\u00f2giques adverses. Si \u00e9s necessari, es recomana instal\u00b7lar ventilaci\u00f3 for\u00e7ada. Alguns models d\u2019inversors solars permeten la seva instal\u00b7laci\u00f3 a l\u2019exterior (evitant la radiaci\u00f3 solar directa).<\/p>\n                        <\/div>\n                    <\/div>\n                <\/div>\n                                            <div class=\"single-acordeon\">\n                    <input type=\"checkbox\" id=\"check-block_2dd2e1072b36cf142c3efb91f0f3c447-3\" style=\"display: none;\" checked>\n                    <label class=\"accordeon-title\" for=\"check-block_2dd2e1072b36cf142c3efb91f0f3c447-3\">\n                        <h3>Quant costa instal\u00b7lar un sistema solar a\u00efllat?<\/h3>\n                    <\/label>\n                    <div class=\"texto\">\n                        <div class=\"control\">\n                            <p class=\"PlaygroundEditorTheme__paragraph\" dir=\"ltr\">Per descomptat, el cost d\u2019un sistema a\u00efllat est\u00e0 directament relacionat amb el nivell de consum el\u00e8ctric de l\u2019aplicaci\u00f3 i el seu \u00fas, com ara una resid\u00e8ncia permanent o \u00fas durant els caps de setmana.<\/p>\n<p class=\"PlaygroundEditorTheme__paragraph\" dir=\"ltr\">\u00c9s un malent\u00e8s pensar que sempre ha de ser una inversi\u00f3 molt elevada. Hist\u00f2ricament, la instal\u00b7laci\u00f3 de panells solars era cara i estava a l\u2019abast de pocs. Actualment, aix\u00f2 ja no \u00e9s aix\u00ed a causa de la caiguda dels preus dels panells fotovoltaics, les noves legislacions i els programes d\u2019incentius que fomenten la instal\u00b7laci\u00f3 de panells solars.<\/p>\n                        <\/div>\n                    <\/div>\n                <\/div>\n                                            <div class=\"single-acordeon\">\n                    <input type=\"checkbox\" id=\"check-block_2dd2e1072b36cf142c3efb91f0f3c447-4\" style=\"display: none;\" checked>\n                    <label class=\"accordeon-title\" for=\"check-block_2dd2e1072b36cf142c3efb91f0f3c447-4\">\n                        <h3>Els components d\u2019un sistema solar produeixen algun tipus de soroll?<\/h3>\n                    <\/label>\n                    <div class=\"texto\">\n                        <div class=\"control\">\n                            <p class=\"PlaygroundEditorTheme__paragraph\" dir=\"ltr\">Els panells solars i les bateries no produeixen cap tipus de soroll. El ventilador incorporat en l\u2019inversor de bateries o en l\u2019inversor solar pot produir sorolls. Normalment, aquests sorolls no s\u00f3n molt elevats, aix\u00ed que la instal\u00b7laci\u00f3 d\u2019aquests components prop dels espais habitables no crea cap problema.<\/p>\n<p class=\"PlaygroundEditorTheme__paragraph\" dir=\"ltr\">Pel que fa al generador, s\u00ed que produeix sorolls elevats, per la qual cosa es recomana instal\u00b7lar-lo a una dist\u00e0ncia significativa de la vivenda.<\/p>\n                        <\/div>\n                    <\/div>\n                <\/div>\n                                            <div class=\"single-acordeon\">\n                    <input type=\"checkbox\" id=\"check-block_2dd2e1072b36cf142c3efb91f0f3c447-5\" style=\"display: none;\" checked>\n                    <label class=\"accordeon-title\" for=\"check-block_2dd2e1072b36cf142c3efb91f0f3c447-5\">\n                        <h3>Produeixen els panells solars energia solar en dies ennuvolats i amb mal temps?<\/h3>\n                    <\/label>\n                    <div class=\"texto\">\n                        <div class=\"control\">\n                            <p>En aquests dies, els panells solars tamb\u00e9 produeixen electricitat. Els panells poden captar la llum difusa de l\u2019entorn i transformar-la en electricitat. La producci\u00f3 no ser\u00e0 la mateixa que en un dia completament clar, per\u00f2 encara podr\u00e0s generar electricitat amb els teus panells solars. No obstant aix\u00f2, per garantir un subministrament el\u00e8ctric constant, sempre recomanem instal\u00b7lar un generador.<\/p>\n                        <\/div>\n                    <\/div>\n                <\/div>\n                                            <div class=\"single-acordeon\">\n                    <input type=\"checkbox\" id=\"check-block_2dd2e1072b36cf142c3efb91f0f3c447-6\" style=\"display: none;\" checked>\n                    <label class=\"accordeon-title\" for=\"check-block_2dd2e1072b36cf142c3efb91f0f3c447-6\">\n                        <h3>Quina \u00e9s la vida \u00fatil dels panells solars?<\/h3>\n                    <\/label>\n                    <div class=\"texto\">\n                        <div class=\"control\">\n                            <p>Despr\u00e9s d\u2019uns 20 anys, la pot\u00e8ncia comen\u00e7ar\u00e0 a disminuir molt gradualment, ja que les c\u00e8l\u00b7lules fotovoltaiques es degraden amb el temps. No obstant aix\u00f2, el m\u00f2dul pot continuar proporcionant electricitat a una vivenda fins a 40 anys.<\/p>\n                        <\/div>\n                    <\/div>\n                <\/div>\n                                            <div class=\"single-acordeon\">\n                    <input type=\"checkbox\" id=\"check-block_2dd2e1072b36cf142c3efb91f0f3c447-7\" style=\"display: none;\" checked>\n                    <label class=\"accordeon-title\" for=\"check-block_2dd2e1072b36cf142c3efb91f0f3c447-7\">\n                        <h3>Quant duren les bateries a les Illes Balears?<\/h3>\n                    <\/label>\n                    <div class=\"texto\">\n                        <div class=\"control\">\n                            <p class=\"PlaygroundEditorTheme__paragraph\" dir=\"ltr\">La vida \u00fatil d\u2019una bateria dep\u00e8n de moltes circumst\u00e0ncies: el tipus de bateria (bateria de liti, plom-\u00e0cid, gel, AGM), l\u2019\u00fas, els cicles de c\u00e0rrega, la correcta programaci\u00f3 dels components del sistema per optimitzar al m\u00e0xim els cicles de c\u00e0rrega i desc\u00e0rrega i allargar la seva vida \u00fatil, i el lloc d\u2019instal\u00b7laci\u00f3, si est\u00e0 ventilat, si \u00e9s un lloc fresc o calent.<\/p>\n<p class=\"PlaygroundEditorTheme__paragraph\" dir=\"ltr\">Com a estimaci\u00f3, una bateria de bona qualitat, ben calculada i instal\u00b7lada hauria de funcionar entre 10 i 12 anys. En general, les bateries de liti tenen una vida \u00fatil superior a 10 anys, superior a les de plom-\u00e0cid.<\/p>\n                        <\/div>\n                    <\/div>\n                <\/div>\n                                            <div class=\"single-acordeon\">\n                    <input type=\"checkbox\" id=\"check-block_2dd2e1072b36cf142c3efb91f0f3c447-8\" style=\"display: none;\" checked>\n                    <label class=\"accordeon-title\" for=\"check-block_2dd2e1072b36cf142c3efb91f0f3c447-8\">\n                        <h3>Cal netejar els panells solars constantment?<\/h3>\n                    <\/label>\n                    <div class=\"texto\">\n                        <div class=\"control\">\n                            <p>Com qualsevol infraestructura a l\u2019exterior, els teus panells solars requereixen un cert manteniment per al seu correcte funcionament. Normalment, els panells es netegen suficientment amb la pluja. No obstant aix\u00f2, \u00e9s recomanable una neteja addicional una o dues vegades a l\u2019any. Feu-ho, per exemple, amb una m\u00e0nega (a baixa pressi\u00f3) i una esponja, per eliminar la brut\u00edcia dels excrements d\u2019ocells, pols o fang de les pluges.<\/p>\n                        <\/div>\n                    <\/div>\n                <\/div>\n                                            <div class=\"single-acordeon\">\n                    <input type=\"checkbox\" id=\"check-block_2dd2e1072b36cf142c3efb91f0f3c447-9\" style=\"display: none;\" checked>\n                    <label class=\"accordeon-title\" for=\"check-block_2dd2e1072b36cf142c3efb91f0f3c447-9\">\n                        <h3>Quants tipus de panells fotovoltaics existeixen?<\/h3>\n                    <\/label>\n                    <div class=\"texto\">\n                        <div class=\"control\">\n                            <p class=\"PlaygroundEditorTheme__paragraph\" dir=\"ltr\">Trobar\u00edem principalment tres tipus de panells solars fotovoltaics: amb c\u00e8l\u00b7lules monocristal\u00b7lines, amb c\u00e8l\u00b7lules policristal\u00b7lines i amorfs o de capa fina. La difer\u00e8ncia est\u00e0 directament relacionada amb la seva efici\u00e8ncia.<\/p>\n<p class=\"PlaygroundEditorTheme__paragraph\" dir=\"ltr\">Avui en dia, la majoria dels panells solars estan formats per c\u00e8l\u00b7lules monocristal\u00b7lines, que es connecten de diferents maneres segons la tecnologia aplicada.<\/p>\n                        <\/div>\n                    <\/div>\n                <\/div>\n                                            <div class=\"single-acordeon\">\n                    <input type=\"checkbox\" id=\"check-block_2dd2e1072b36cf142c3efb91f0f3c447-10\" style=\"display: none;\" checked>\n                    <label class=\"accordeon-title\" for=\"check-block_2dd2e1072b36cf142c3efb91f0f3c447-10\">\n                        <h3>\u00c9s possible reciclar panells solars?<\/h3>\n                    <\/label>\n                    <div class=\"texto\">\n                        <div class=\"control\">\n                            <p>S\u00ed. El reciclatge dels panells fotovoltaics est\u00e0 previst a la Directiva 2012\/19\/UE del Parlament Europeu i del Consell. Solarta Balear gestiona els seus residus de manera responsable com a centre productor registrat amb NIMA 0700011427.<\/p>\n                        <\/div>\n                    <\/div>\n                <\/div>\n                                    <\/div>\n    <\/div>\n<\/div>\n\n<\/div><\/div>\n<\/div><\/div>\n\n\n\n<div class=\"wp-block-group listado-servicios\"><div class=\"wp-block-group__inner-container is-layout-constrained wp-block-group-is-layout-constrained\">\n<div class=\"wp-block-group wrap\"><div class=\"wp-block-group__inner-container is-layout-constrained wp-block-group-is-layout-constrained\">\n<div class=\"wp-block-columns is-not-stacked-on-mobile control-columns is-layout-flex wp-container-core-columns-is-layout-9d6595d7 wp-block-columns-is-layout-flex\">\n<div class=\"wp-block-column is-layout-flow wp-block-column-is-layout-flow\" style=\"flex-basis:16%\">\n<div class=\"wp-block-group\"><div class=\"wp-block-group__inner-container is-layout-constrained wp-block-group-is-layout-constrained\"><div class=\"wp-block-image icon-control\">\n<figure class=\"aligncenter size-full\"><img loading=\"lazy\" decoding=\"async\" width=\"112\" height=\"112\" src=\"https:\/\/solarta.com\/wp-content\/uploads\/2024\/11\/rayo-icon.png\" alt=\"\" class=\"wp-image-496\" title=\"\" srcset=\"https:\/\/www.solarta.com\/wp-content\/uploads\/2024\/11\/rayo-icon.png 112w, https:\/\/www.solarta.com\/wp-content\/uploads\/2024\/11\/rayo-icon-75x75.png 75w\" sizes=\"auto, (max-width: 112px) 100vw, 112px\" \/><\/figure>\n<\/div>\n\n\n<div class=\"wp-block-buttons is-content-justification-center is-layout-flex wp-container-core-buttons-is-layout-16018d1d wp-block-buttons-is-layout-flex\">\n<div class=\"wp-block-button button-white-gut\"><a class=\"wp-block-button__link wp-element-button\" href=\"https:\/\/www.solarta.com\/ca\/autoconsum-fotovoltaic-plaques-solars-mallorca\/\" rel=\"nofollow\">Autoconsum fotovoltaic<\/a><\/div>\n<\/div>\n<\/div><\/div>\n<\/div>\n\n\n\n<div class=\"wp-block-column is-layout-flow wp-block-column-is-layout-flow\" style=\"flex-basis:16%\">\n<div class=\"wp-block-group\"><div class=\"wp-block-group__inner-container is-layout-constrained wp-block-group-is-layout-constrained\"><div class=\"wp-block-image icon-control\">\n<figure class=\"aligncenter size-full\"><img loading=\"lazy\" decoding=\"async\" width=\"160\" height=\"150\" src=\"https:\/\/solarta.com\/wp-content\/uploads\/2024\/11\/icon-instalador-aerotermia.png\" alt=\"\" class=\"wp-image-672\" title=\"\"><\/figure>\n<\/div>\n\n\n<div class=\"wp-block-buttons is-content-justification-center is-layout-flex wp-container-core-buttons-is-layout-16018d1d wp-block-buttons-is-layout-flex\">\n<div class=\"wp-block-button button-white-gut\"><a class=\"wp-block-button__link wp-element-button\" href=\"https:\/\/www.solarta.com\/ca\/installadors-daerotermia-mallorca\/\" rel=\"nofollow\">Instal\u00b7lador aerot\u00e8rmia<\/a><\/div>\n<\/div>\n<\/div><\/div>\n<\/div>\n\n\n\n<div class=\"wp-block-column is-layout-flow wp-block-column-is-layout-flow\" style=\"flex-basis:16%\">\n<div class=\"wp-block-group\"><div class=\"wp-block-group__inner-container is-layout-constrained wp-block-group-is-layout-constrained\"><div class=\"wp-block-image icon-control\">\n<figure class=\"aligncenter size-full\"><img loading=\"lazy\" decoding=\"async\" width=\"161\" height=\"105\" src=\"https:\/\/solarta.com\/wp-content\/uploads\/2024\/11\/icon-instalador-coche.png\" alt=\"\" class=\"wp-image-673\" title=\"\"><\/figure>\n<\/div>\n\n\n<div class=\"wp-block-buttons is-content-justification-center is-layout-flex wp-container-core-buttons-is-layout-16018d1d wp-block-buttons-is-layout-flex\">\n<div class=\"wp-block-button button-white-gut\"><a class=\"wp-block-button__link wp-element-button\" href=\"https:\/\/www.solarta.com\/ca\/carregador-cotxe-electric-mallorca\/\" rel=\"nofollow\">Instal\u00b7lador carregador cotxe<\/a><\/div>\n<\/div>\n<\/div><\/div>\n<\/div>\n\n\n\n<div class=\"wp-block-column is-layout-flow wp-block-column-is-layout-flow\" style=\"flex-basis:16%\">\n<div class=\"wp-block-group\"><div class=\"wp-block-group__inner-container is-layout-constrained wp-block-group-is-layout-constrained\"><div class=\"wp-block-image icon-control\">\n<figure class=\"aligncenter size-full\"><img loading=\"lazy\" decoding=\"async\" width=\"78\" height=\"150\" src=\"https:\/\/solarta.com\/wp-content\/uploads\/2024\/11\/icon-instalacion-inteligente.png\" alt=\"\" class=\"wp-image-671\" title=\"\"><\/figure>\n<\/div>\n\n\n<div class=\"wp-block-buttons is-content-justification-center is-layout-flex wp-container-core-buttons-is-layout-16018d1d wp-block-buttons-is-layout-flex\">\n<div class=\"wp-block-button button-white-gut\"><a class=\"wp-block-button__link wp-element-button\" href=\"https:\/\/www.solarta.com\/ca\/gestio-energetica-mallorca-cases-intelligents\/\" rel=\"nofollow\">Instal\u00b7laci\u00f3 gesti\u00f3 intel\u00b7ligent<\/a><\/div>\n<\/div>\n<\/div><\/div>\n<\/div>\n\n\n\n<div class=\"wp-block-column is-layout-flow wp-block-column-is-layout-flow\" style=\"flex-basis:16%\">\n<div class=\"wp-block-group\"><div class=\"wp-block-group__inner-container is-layout-constrained wp-block-group-is-layout-constrained\"><div class=\"wp-block-image icon-control\">\n<figure class=\"aligncenter size-full\"><img loading=\"lazy\" decoding=\"async\" width=\"145\" height=\"125\" src=\"https:\/\/solarta.com\/wp-content\/uploads\/2024\/11\/icon-asesoria.png\" alt=\"\" class=\"wp-image-670\" title=\"\"><\/figure>\n<\/div>\n\n\n<div class=\"wp-block-buttons is-content-justification-center is-layout-flex wp-container-core-buttons-is-layout-16018d1d wp-block-buttons-is-layout-flex\">\n<div class=\"wp-block-button button-white-gut\"><a class=\"wp-block-button__link wp-element-button\" href=\"https:\/\/www.solarta.com\/ca\/assistencia-integral-solucions-energetiques-mallorca\/\" rel=\"nofollow\">Assessoria energ\u00e8tica<\/a><\/div>\n<\/div>\n<\/div><\/div>\n<\/div>\n\n\n\n<div class=\"wp-block-column is-layout-flow wp-block-column-is-layout-flow\" style=\"flex-basis:16%\">\n<div class=\"wp-block-group\"><div class=\"wp-block-group__inner-container is-layout-constrained wp-block-group-is-layout-constrained\"><div class=\"wp-block-image icon-control\">\n<figure class=\"aligncenter size-full\"><img loading=\"lazy\" decoding=\"async\" width=\"183\" height=\"111\" src=\"https:\/\/solarta.com\/wp-content\/uploads\/2024\/11\/icon-subvenciones.png\" alt=\"\" class=\"wp-image-675\" title=\"\"><\/figure>\n<\/div>\n\n\n<div class=\"wp-block-buttons is-content-justification-center is-layout-flex wp-container-core-buttons-is-layout-16018d1d wp-block-buttons-is-layout-flex\">\n<div class=\"wp-block-button button-white-gut\"><a class=\"wp-block-button__link wp-element-button\" href=\"https:\/\/www.solarta.com\/ca\/ajudes-i-subvencions-plaques-solars-mallorca\/\" rel=\"nofollow\">Subvencions plaques solars<\/a><\/div>\n<\/div>\n<\/div><\/div>\n<\/div>\n<\/div>\n<\/div><\/div>\n<\/div><\/div>\n\n\n\n\n<div id=\"block-elige-banner-block_64b7639d300d8a0c15c6c2badb453db2\" class=\"block-elige-banner\">\n   <!-- start banner -->\n        <div class=\"banner-control\" style=\"background-image: url(https:\/\/www.solarta.com\/wp-content\/uploads\/2024\/12\/instalador-de-placas-solares-mallorca-banners.png);\">\n        <div class=\"bg-gradient\" style=\"background-color:rgba(0,39,80,0.4)\"><\/div>\n        <div class=\"wrap-small\">\n            <div class=\"control-text\">\n                <p class=\"testimonio\">Testimoni empresa<\/p>\n                <p class=\"texto\">\u201cComen\u00e7a a transformar el teu projecte en realitat, treballarem junts per crear la soluci\u00f3 \u00f2ptima\u201d<\/p>\n                <p class=\"name\">Solarta Balear<\/p>\n            <\/div>\n        <\/div>\n    <\/div>\n    <!-- end banner -->\n<\/div>\n\n","protected":false},"excerpt":{"rendered":"<p>Instal\u00b7lacions solars 100% aut\u00f2nomes. Independ\u00e8ncia TOTAL de la xarxa el\u00e8ctrica Energia solar. Sistemes a\u00efllats Beneficis de les instal\u00b7lacions solars a\u00efllades a Mallorca Independ\u00e8ncia energ\u00e8tica. Instal\u00b7lacions solars a\u00efllades Electrifica la teva llar o empresa a les Illes Balears de manera 100% aut\u00f2noma, assolint la independ\u00e8ncia TOTAL de la xarxa el\u00e8ctrica. Instal\u00b7la plaques solars fotovoltaiques i genera [&hellip;]<\/p>\n","protected":false},"author":1,"featured_media":2638,"parent":0,"menu_order":0,"comment_status":"closed","ping_status":"closed","template":"page-templates\/page-full-width.php","meta":{"_acf_changed":false,"_genesis_hide_title":false,"_genesis_hide_breadcrumbs":false,"_genesis_hide_singular_image":false,"_genesis_hide_footer_widgets":false,"_genesis_custom_body_class":"","_genesis_custom_post_class":"","_genesis_layout":"","footnotes":""},"class_list":{"0":"post-2636","1":"page","2":"type-page","3":"status-publish","4":"has-post-thumbnail","6":"entry"},"acf":[],"_links":{"self":[{"href":"https:\/\/www.solarta.com\/ca\/wp-json\/wp\/v2\/pages\/2636","targetHints":{"allow":["GET"]}}],"collection":[{"href":"https:\/\/www.solarta.com\/ca\/wp-json\/wp\/v2\/pages"}],"about":[{"href":"https:\/\/www.solarta.com\/ca\/wp-json\/wp\/v2\/types\/page"}],"author":[{"embeddable":true,"href":"https:\/\/www.solarta.com\/ca\/wp-json\/wp\/v2\/users\/1"}],"replies":[{"embeddable":true,"href":"https:\/\/www.solarta.com\/ca\/wp-json\/wp\/v2\/comments?post=2636"}],"version-history":[{"count":9,"href":"https:\/\/www.solarta.com\/ca\/wp-json\/wp\/v2\/pages\/2636\/revisions"}],"predecessor-version":[{"id":3443,"href":"https:\/\/www.solarta.com\/ca\/wp-json\/wp\/v2\/pages\/2636\/revisions\/3443"}],"wp:featuredmedia":[{"embeddable":true,"href":"https:\/\/www.solarta.com\/ca\/wp-json\/wp\/v2\/media\/2638"}],"wp:attachment":[{"href":"https:\/\/www.solarta.com\/ca\/wp-json\/wp\/v2\/media?parent=2636"}],"curies":[{"name":"wp","href":"https:\/\/api.w.org\/{rel}","templated":true}]}}